{"id":660,"date":"2024-03-07T10:36:45","date_gmt":"2024-03-07T10:36:45","guid":{"rendered":"https:\/\/dev-lascumbresapart.gnahs.com\/?page_id=660"},"modified":"2024-12-24T09:36:17","modified_gmt":"2024-12-24T08:36:17","slug":"politica-de-privacidad","status":"publish","type":"page","link":"https:\/\/www.hoteljaume.com\/es\/politica-de-privacidad\/","title":{"rendered":"Pol\u00edtica de privacidad"},"content":{"rendered":"\t\t<div data-elementor-type=\"wp-page\" data-elementor-id=\"660\" class=\"elementor elementor-660\" data-elementor-post-type=\"page\">\n\t\t\t\t<div class=\"elementor-element elementor-element-391e829 e-flex e-con-boxed e-con e-parent\" data-id=\"391e829\" data-element_type=\"container\" data-settings=\"{&quot;background_background&quot;:&quot;classic&quot;}\">\n\t\t\t\t\t<div class=\"e-con-inner\">\n\t\t\t\t<div class=\"elementor-element elementor-element-65252e79 elementor-widget elementor-widget-heading\" data-id=\"65252e79\" data-element_type=\"widget\" data-widget_type=\"heading.default\">\n\t\t\t\t<div class=\"elementor-widget-container\">\n\t\t\t<style>\/*! elementor - v3.21.0 - 26-05-2024 *\/\n.elementor-heading-title{padding:0;margin:0;line-height:1}.elementor-widget-heading .elementor-heading-title[class*=elementor-size-]>a{color:inherit;font-size:inherit;line-height:inherit}.elementor-widget-heading .elementor-heading-title.elementor-size-small{font-size:15px}.elementor-widget-heading .elementor-heading-title.elementor-size-medium{font-size:19px}.elementor-widget-heading .elementor-heading-title.elementor-size-large{font-size:29px}.elementor-widget-heading .elementor-heading-title.elementor-size-xl{font-size:39px}.elementor-widget-heading .elementor-heading-title.elementor-size-xxl{font-size:59px}<\/style><div class=\"elementor-heading-title elementor-size-default\">Pol\u00edtica de privacidad<\/div>\t\t<\/div>\n\t\t\t\t<\/div>\n\t\t\t\t<div class=\"elementor-element elementor-element-41191bc1 elementor-icon-list--layout-inline elementor-align-center elementor-list-item-link-full_width elementor-widget elementor-widget-icon-list\" data-id=\"41191bc1\" data-element_type=\"widget\" data-widget_type=\"icon-list.default\">\n\t\t\t\t<div class=\"elementor-widget-container\">\n\t\t\t<link rel=\"stylesheet\" href=\"https:\/\/www.hoteljaume.com\/wp-content\/plugins\/elementor\/assets\/css\/widget-icon-list.min.css\">\t\t<ul class=\"elementor-icon-list-items elementor-inline-items\">\n\t\t\t\t\t\t\t<li class=\"elementor-icon-list-item elementor-inline-item\">\n\t\t\t\t\t\t\t\t\t\t\t<a href=\"https:\/\/www.hoteljaume.com\/\">\n\n\t\t\t\t\t\t\t\t\t\t\t<span class=\"elementor-icon-list-text\">Home<\/span>\n\t\t\t\t\t\t\t\t\t\t\t<\/a>\n\t\t\t\t\t\t\t\t\t<\/li>\n\t\t\t\t\t\t\t\t<li class=\"elementor-icon-list-item elementor-inline-item\">\n\t\t\t\t\t\t\t\t\t\t\t<span class=\"elementor-icon-list-icon\">\n\t\t\t\t\t\t\t<svg aria-hidden=\"true\" class=\"e-font-icon-svg e-fas-chevron-right\" viewBox=\"0 0 320 512\" xmlns=\"http:\/\/www.w3.org\/2000\/svg\"><path d=\"M285.476 272.971L91.132 467.314c-9.373 9.373-24.569 9.373-33.941 0l-22.667-22.667c-9.357-9.357-9.375-24.522-.04-33.901L188.505 256 34.484 101.255c-9.335-9.379-9.317-24.544.04-33.901l22.667-22.667c9.373-9.373 24.569-9.373 33.941 0L285.475 239.03c9.373 9.372 9.373 24.568.001 33.941z\"><\/path><\/svg>\t\t\t\t\t\t<\/span>\n\t\t\t\t\t\t\t\t\t\t<span class=\"elementor-icon-list-text\">Pol\u00edtica de privacidad<\/span>\n\t\t\t\t\t\t\t\t\t<\/li>\n\t\t\t\t\t\t<\/ul>\n\t\t\t\t<\/div>\n\t\t\t\t<\/div>\n\t\t\t\t\t<\/div>\n\t\t\t\t<\/div>\n\t\t<div class=\"elementor-element elementor-element-4b916d17 e-flex e-con-boxed e-con e-parent\" data-id=\"4b916d17\" data-element_type=\"container\" data-settings=\"{&quot;motion_fx_motion_fx_scrolling&quot;:&quot;yes&quot;,&quot;motion_fx_translateY_effect&quot;:&quot;yes&quot;,&quot;motion_fx_devices&quot;:[&quot;desktop&quot;,&quot;tablet&quot;],&quot;motion_fx_translateY_speed&quot;:{&quot;unit&quot;:&quot;px&quot;,&quot;size&quot;:4,&quot;sizes&quot;:[]},&quot;motion_fx_translateY_affectedRange&quot;:{&quot;unit&quot;:&quot;%&quot;,&quot;size&quot;:&quot;&quot;,&quot;sizes&quot;:{&quot;start&quot;:0,&quot;end&quot;:100}}}\">\n\t\t\t\t\t<div class=\"e-con-inner\">\n\t\t<div class=\"elementor-element elementor-element-1704ffb1 e-flex e-con-boxed e-con e-child\" data-id=\"1704ffb1\" data-element_type=\"container\">\n\t\t\t\t\t<div class=\"e-con-inner\">\n\t\t\t\t<div class=\"elementor-element elementor-element-75e37d3a elementor-widget elementor-widget-heading\" data-id=\"75e37d3a\" data-element_type=\"widget\" data-widget_type=\"heading.default\">\n\t\t\t\t<div class=\"elementor-widget-container\">\n\t\t\t<div class=\"elementor-heading-title elementor-size-default\">TEXTOS LEGALES<\/div>\t\t<\/div>\n\t\t\t\t<\/div>\n\t\t\t\t<div class=\"elementor-element elementor-element-1252f59 elementor-widget elementor-widget-heading\" data-id=\"1252f59\" data-element_type=\"widget\" data-widget_type=\"heading.default\">\n\t\t\t\t<div class=\"elementor-widget-container\">\n\t\t\t<h1 class=\"elementor-heading-title elementor-size-default\">Pol\u00edtica de privacidad del Hotel Jaume<\/h1>\t\t<\/div>\n\t\t\t\t<\/div>\n\t\t\t\t\t<\/div>\n\t\t\t\t<\/div>\n\t\t<div class=\"elementor-element elementor-element-4abb49fc e-flex e-con-boxed e-con e-child\" data-id=\"4abb49fc\" data-element_type=\"container\">\n\t\t\t\t\t<div class=\"e-con-inner\">\n\t\t\t\t<div class=\"elementor-element elementor-element-2f38bc9 elementor-widget elementor-widget-text-editor\" data-id=\"2f38bc9\" data-element_type=\"widget\" data-widget_type=\"text-editor.default\">\n\t\t\t\t<div class=\"elementor-widget-container\">\n\t\t\t<style>\/*! elementor - v3.21.0 - 26-05-2024 *\/\n.elementor-widget-text-editor.elementor-drop-cap-view-stacked .elementor-drop-cap{background-color:#69727d;color:#fff}.elementor-widget-text-editor.elementor-drop-cap-view-framed .elementor-drop-cap{color:#69727d;border:3px solid;background-color:transparent}.elementor-widget-text-editor:not(.elementor-drop-cap-view-default) .elementor-drop-cap{margin-top:8px}.elementor-widget-text-editor:not(.elementor-drop-cap-view-default) .elementor-drop-cap-letter{width:1em;height:1em}.elementor-widget-text-editor .elementor-drop-cap{float:left;text-align:center;line-height:1;font-size:50px}.elementor-widget-text-editor .elementor-drop-cap-letter{display:inline-block}<\/style>\t\t\t\t<h2>Pol\u00edtica de privacidad<\/h2><p>En cumplimiento de la normativa vigente en materia de protecci\u00f3n de datos, Reglamento (UE) 2016\/679 del Parlamento Europeo y del Consejo de 27 de abril de 2016, conocido como Reglamento General de Protecci\u00f3n de Datos (RGPD o GDPR) y la Ley Org\u00e1nica 3\/2018 de 5 de diciembre (LOPDGDD), te informamos que la Pol\u00edtica de Protecci\u00f3n de datos y Pol\u00edtica de privacidad de nuestra empresa, en lo que se refiere al tratamiento de tus datos personales, es la siguiente:<\/p><h3>\u00a0<\/h3><h3><strong>Responsable del tratamiento de los datos personales:<\/strong><\/h3><p>El responsable del tratamiento de los datos personales es la persona f\u00edsica o jur\u00eddica, autoridad p\u00fablica, servicio u otro organismo que, solo o junto con otros, determine los fines y medios del tratamiento.<\/p><p>En este caso, los datos del responsable del tratamiento son los siguientes:<\/p><p>Identidad: Hotel Jaume<\/p><p>Direcci\u00f3n Postal: \u00a0C\/ Central, 30, 17538 Alp, Girona, Espa\u00f1a<\/p><p>Tel\u00e9fono: <a href=\"telf:(+34) 972 89 00 16\">(+34) 972 89 00 16<\/a><\/p><p>Direcci\u00f3n electr\u00f3nica:\u00a0<a href=\"mailto:info@hoteljaume.com\">info@hoteljaume.com<\/a><\/p><p>Hotel Jaume, en calidad de responsable de los datos y de la p\u00e1gina web, de conformidad con la normativa legal vigente, y en concreto, con lo dispuesto en el Reglamento (UE) 2016\/679 del Parlamento Europeo y del Consejo, de 27 de abril de 2016 relativo a la protecci\u00f3n de las personas f\u00edsicas en cuanto al tratamiento de datos personales y a la libre circulaci\u00f3n de estos datos (RGPD o GDPR), as\u00ed como por la Ley 34\/2002, de 11 de julio, de Servicios de la Sociedad de la Informaci\u00f3n y del comercio Electr\u00f3nico (LSSICE), te informamos que tenemos implementadas medidas t\u00e9cnicas y organizativas adecuadas, seg\u00fan el estado de la t\u00e9cnica y el coste de su aplicaci\u00f3n con respecto a los riesgos y la naturaleza de los datos personales tratados, para garantizar y proteger la confidencialidad, integridad y disponibilidad de tus datos personales.<\/p><p><strong>\u00a0<\/strong><\/p><h3><strong>Datos personales:<\/strong><\/h3><p>Los datos personales son cualquier informaci\u00f3n sobre una persona f\u00edsica identificada o identificable (\u00abel interesado\u00bb); se considerar\u00e1 persona f\u00edsica identificable toda persona cuya identidad pueda determinarse, directa o indirectamente, en particular mediante un identificador, como por ejemplo un nombre, un n\u00famero de identificaci\u00f3n, datos de localizaci\u00f3n, un identificador en l\u00ednea o uno o varios elementos propios de la identidad f\u00edsica, fisiol\u00f3gica, gen\u00e9tica, ps\u00edquica, econ\u00f3mica, cultural o social de dicha persona.<\/p><p>Hay una gran variedad de informaci\u00f3n que se considera datos personales, por ejemplo, el nombre, informaci\u00f3n de contacto, n\u00famero de identificaci\u00f3n, IP del ordenador, etc.<\/p><p>Para ampliar esta informaci\u00f3n puedes consultar la web de la <a href=\"https:\/\/www.aepd.es\/es\">Agencia Espa\u00f1ola de Protecci\u00f3n de datos<\/a>\u00a0o la de la\u00a0<a href=\"https:\/\/apdcat.gencat.cat\/es\/inici\/index.html\">Autoritat Catalana de Protecci\u00f3 de Dades<\/a>\u00a0entre otras.<\/p><p>\u00a0<\/p><h3><strong>Tratamiento de datos personales:<\/strong><\/h3><p>Se considera tratamiento de datos personales cualquier operaci\u00f3n o conjunto de operaciones realizadas sobre datos personales o conjuntos de datos personales, ya sea por procedimientos automatizados o no, como la recogida, registro, organizaci\u00f3n, estructuraci\u00f3n, conservaci\u00f3n, adaptaci\u00f3n o modificaci\u00f3n, extracci\u00f3n, consulta, utilizaci\u00f3n, comunicaci\u00f3n por transmisi\u00f3n, difusi\u00f3n o cualquier otra forma de habilitaci\u00f3n de acceso, cotejo o interconexi\u00f3n, limitaci\u00f3n, supresi\u00f3n o destrucci\u00f3n de los datos.<\/p><p>\u00a0<\/p><h3><strong>Finalidad del tratamiento de datos:<\/strong><\/h3><p><strong>\u00bfCon qu\u00e9 finalidad tratamos sus datos personales?<\/strong><\/p><p>Los datos personales facilitados por los interesados ser\u00e1n utilizados exclusivamente para las siguientes finalidades:<\/p><ul><li>Reserva, registro y contrataci\u00f3n de productos: Gestionar y ejecutar la prestaci\u00f3n de los servicios y\/o productos contratados o solicitados por los interesados, as\u00ed como las gestiones necesarias para llevar a cabo la relaci\u00f3n contractual con el interesado, lo que incluye informar, tramitar, gestionar, modificar y cualquier otra operaci\u00f3n que sea necesaria para la gesti\u00f3n de tu reserva o compra, as\u00ed como la posterior facturaci\u00f3n y cobro. Se pueden realizar an\u00e1lisis de usos en base al historial de compras y reservas de un mismo interesado, sin que en ning\u00fan caso se tomen decisiones automatizadas que comporten efectos jur\u00eddicos.<\/li><li>Libro registro de entradas de viajeros en establecimientos de hosteler\u00eda: Recoger, gestionar y remitir la informaci\u00f3n establecida por la normativa legal vigente en cuanto al libro registro de entradas de viajeros en establecimientos hoteleros.<\/li><li>Consultas: Atender, responder y seguir las consultas y solicitudes efectuadas por los interesados i\/o proporcionar informaciones solicitadas por el usuario.<\/li><li>Acceso al \u00e1rea privada \u201cmi reserva\u201d: Gestionar el registro y permitir el acceso a la informaci\u00f3n que consta en la p\u00e1gina web relativa al estado de su reserva, as\u00ed como la administraci\u00f3n general de la cuenta, que permite modificar los datos de la misma, su mantenimiento, control, gesti\u00f3n o cancelaci\u00f3n, en el caso en que se haya dado de alta como usuario.<\/li><li>Publicidad de productos y servicios propios: Enviar comunicaciones comerciales publicitarias (newsletters) relacionadas con nuestros productos y servicios por cualquier medio (correo electr\u00f3nico, correo postal o tel\u00e9fono), con promociones y descuentos, invitaciones a eventos organizados por la empresa, etc. en el supuesto en que el interesado haya aceptado y consentido el env\u00edo de comunicaciones comerciales mediante el alta y suscripci\u00f3n a la Newsletter.<\/li><li>Finalizaci\u00f3n de reservas inacabadas: Ponerse en contacto por cualquier medio (email o tel\u00e9fono) con el usuario en el supuesto en que no se haya finalizado la reserva con el objetivo de conocer el motivo por el que no se ha finalizado la misma.<\/li><li>Bolsa de trabajo: Valorar y gestionar el curriculum vitae y los datos acad\u00e9micos y profesionales que se nos haya facilitado, para los procesos de selecci\u00f3n a los que se haya inscrito o los que se adapten a tu perfil profesional, y llevar a cabo las actuaciones necesarias para la selecci\u00f3n y contrataci\u00f3n de personal, y entre ellas, ponernos en contacto contigo para ampliar la informaci\u00f3n o concertar una entrevista, en el supuesto en que el interesado se haya dado de alta en el formulario para trabajar con nosotros y\/o nos hayas facilitado tu curriculum vitae.<\/li><li>Comunicar cambios en la pol\u00edtica de privacidad: Notificar o comunicar cambios relevantes en la pol\u00edtica de protecci\u00f3n de datos y de privacidad, aviso legal o pol\u00edtica de cookies.<\/li><li>Estad\u00edsticas: Realizar estudios de mercado y estad\u00edsticas de nuestros productos y servicios, sin que en ning\u00fan caso se tomen decisiones de manera automatizada.<\/li><\/ul><p>La empresa informa que no tratar\u00e1 tus datos personales para ninguna otra finalidad salvo las recogidas en este apartado, salvo en los supuestos en que exista una obligaci\u00f3n legal o requerimiento judicial.<\/p><p>Tus datos personales no ser\u00e1n objeto de decisiones basadas en tratamientos automatizados que comporten efectos jur\u00eddicos para ti.<\/p><p><strong>\u00bfDurante cu\u00e1nto tiempo conservaremos tus datos personales?<\/strong><\/p><p>Los datos personales que nos has proporcionado se conservar\u00e1n durante el tiempo necesario para llevar a cabo el servicio solicitado o contratado, y hasta un plazo m\u00e1ximo de 5 a\u00f1os a partir de la \u00faltima confirmaci\u00f3n por tu parte de la existencia de inter\u00e9s en que mantengamos tus datos.<\/p><p>Esto se entiende sin perjuicio de una posible conservaci\u00f3n m\u00e1s prolongada a los efectos de un eventual cumplimiento de las obligaciones legales y para el ejercicio y seguimiento de las acciones legales y judiciales que puedan ser pertinentes.<\/p><p>Transcurridos los plazos indicados se proceder\u00e1 a la eliminaci\u00f3n de los datos personales.<br \/><br \/><\/p><h3>Legitimaci\u00f3n para el tratamiento de los datos:<\/h3><p>La base legal para el tratamiento de tus datos personales responde a la libre y leg\u00edtima aceptaci\u00f3n de la relaci\u00f3n jur\u00eddica por parte del usuario en el momento de aceptaci\u00f3n de esta Pol\u00edtica de protecci\u00f3n de datos personales y de privacidad.<\/p><p>As\u00ed mismo, se detalla a continuaci\u00f3n la legitimaci\u00f3n para el tratamiento de tus datos para cada una de las finalidades del tratamiento de datos personales que se han identificado con anterioridad:<\/p><ul><li>Reserva, registro y contrataci\u00f3n de productos: La base legal para el tratamiento de tus datos personales es la relaci\u00f3n contractual y, en su caso, precontractual establecida entre las partes para la ejecuci\u00f3n de la prestaci\u00f3n de los servicios y\/o productos contratados o solicitados por los interesados, y en concreto, para la ejecuci\u00f3n de la reserva de los servicios y productos de nuestro establecimiento que se han efectuado, seg\u00fan los t\u00e9rminos y condiciones que constan en el apartado de T\u00e9rminos y Condiciones de Contrataci\u00f3n, as\u00ed como el cumplimento de las obligaciones mercantiles, fiscales y contables que correspondan. Todo ello en base a lo previsto en el art\u00edculo 6.1 apartados a) y b) del RGPD.<\/li><li>La negativa a facilitar los datos personales solicitados para la reserva imposibilitar\u00e1, por tanto, la realizaci\u00f3n del contrato o de la reserva solicitados. Para ampliar informaci\u00f3n sobre la contrataci\u00f3n de nuestros productos y servicios consulta el apartado Condiciones y T\u00e9rminos de Contrataci\u00f3n. Una vez realizada la reserva, el interesado recibir\u00e1 un correo electr\u00f3nico de confirmaci\u00f3n con los datos de la reserva.<\/li><li>Libro registro de entradas de viajeros en establecimientos de hosteler\u00eda: La base legal para el tratamiento de los datos personales es la obligaci\u00f3n legal establecida al respecto de la recogida, gesti\u00f3n y remisi\u00f3n a los cuerpos de seguridad competentes establecida en la Ley Org\u00e1nica 4\/2015, de 30 de marzo de Protecci\u00f3n de la Seguridad Ciudadana y otra normativa de desarrollo. Ello en base a lo establecido en el art\u00edculo 6.1 apartado c) del RGPD. La negativa a facilitar los datos personales solicitados imposibilitar\u00e1, por tanto, la posibilidad de alojarse en el establecimiento.<\/li><li>Consultas: La base legal para el tratamiento de sus datos personales es la posibilidad de dar respuesta a las consultas libremente planteadas por los interesados. Este tratamiento se realiza en base a lo establecido en el art\u00edculo 6.1 apartados a) y b) del RGPD.<\/li><li>Acceso al \u00e1rea privada \u201cmi reserva\u201d: En caso de que el interesado se haya dado de alta como usuario para poder acceder, consultar, modificar o cancelar desde la web el estado de \u201cmis reservas\u201d, la base legal para el tratamiento de los datos es la relaci\u00f3n contractual o precontractual existente entre las partes y permitir el acceso a la informaci\u00f3n que consta en la p\u00e1gina web relativa al estado de su reserva, as\u00ed como modificar los datos de la misma o cancelarla, en el caso en que se haya dado de alta como usuario, as\u00ed como su aceptaci\u00f3n y consentimiento libre y expreso para tratar sus datos. Este tratamiento es l\u00edcito en base a lo establecido en el art\u00edculo 6.1 apartados a) y b) del RGPD. La negativa a facilitar los datos personales solicitados imposibilitar\u00e1 el acceso a dicha informaci\u00f3n desde el sitio web.<\/li><li>Publicidad de productos y servicios propios: En caso de que el interesado haya marcado la casilla correspondiente a aceptar recibir comunicaciones comerciales publicitarias (newsletters), la base legal para enviar publicidad sobre productos y servicios es el propio consentimiento libre y expreso del interesado, que puede retirar en cualquier momento, sin que la retirada del consentimiento para esta finalidad condicione la ejecuci\u00f3n del contrato de reserva de habitaci\u00f3n, en su caso. Este tratamiento de datos personales se basa en lo establecido en el art\u00edculo 6.1 apartado a) del RGPD. La negativa a facilitar los datos personales solicitados imposibilitar\u00e1, por tanto, la posibilidad de suscribirse al newsletter o de recibir comunicaciones comerciales con informaci\u00f3n de nuestros productos o servicios. Te informamos que tienes derecho a retirar su consentimiento para este tratamiento en cualquier momento, sin que ello afecte a la licitud del tratamiento basado en el consentimiento previo a su retirada. En caso de que desee retirar su consentimiento, consulte el apartado \u201cDerecho de las personas interesadas\u201d.<\/li><li>Finalizaci\u00f3n de reservas inacabadas: La legitimaci\u00f3n para tratar los datos en este supuesto es la aceptaci\u00f3n y consentimiento expreso por parte del propio interesado de este tratamiento para que la empresa pueda ponerse en contacte con el interesado ante la posibilidad que se haya producido alg\u00fan incidente t\u00e9cnico en el momento de realizar la reserva o contrataci\u00f3n. Este tratamiento de datos personales se basa en lo establecido en el art\u00edculo 6.1 apartado a) del RGPD. La negativa a facilitar los datos personales solicitados para la reserva imposibilitar\u00e1, por tanto, la realizaci\u00f3n y conclusi\u00f3n del contrato o de la reserva solicitados.<\/li><li>Comunicar cambios en la pol\u00edtica de privacidad: La legitimaci\u00f3n para tratar los datos personales en este supuesto se basa en la conveniencia de comunicar a los interesados los cambios que puedan producirse en la pol\u00edtica de privacidad de la empresa, as\u00ed como en su libre aceptaci\u00f3n y consentimiento para este tratamiento, en base de lo establecido en el art\u00edculo 6.1 apartados a) i b) del RGPD.<\/li><li>Estad\u00edsticas: La legitimaci\u00f3n para tratar datos para realizar estudios de mercado y estad\u00edsticas de nuestros productos y servicios, sin que en ning\u00fan caso se tomen decisiones de manera automatizada con efectos jur\u00eddicos para el interesado, se encuentra la libre aceptaci\u00f3n y consentimiento del interesado para este tratamiento, en base de lo establecido en el art\u00edculo 6.1 apartados a) del RGPD. Te informamos que tiene derecho a retirar su consentimiento para este tratamiento en cualquier momento, sin que ello afecte a la licitud del tratamiento basado en el consentimiento previo a su retirada. En caso de que desee retirar su consentimiento, consulte el apartado \u201cDerecho de las personas interesadas\u201d.<\/li><\/ul><p>\u00a0<\/p><h3><strong>Destinatarios de cesiones o transferencias de datos:<\/strong><\/h3><p>Los datos personales se comunicar\u00e1n a otras empresas del grupo empresarial para finalidades vinculadas al tratamiento de los datos personales de los clientes o usuarios.<\/p><p>Para el mejor cumplimiento de los servicios que nos has solicitado, facilitamos determinados datos a encargados del tratamiento con los que tenemos suscritos los correspondientes contratos en materia de protecci\u00f3n de datos. En estos casos, los datos que se facilitan son s\u00f3lo los estrictamente necesarios para la actividad concreta que se vaya a realizar. A t\u00edtulo meramente ejemplificativo se enuncian los servicios que pueden contratarse a encargados de tratamiento: proveedores de servicios inform\u00e1ticos, empresas de seguridad, asesoramiento fiscal, jur\u00eddico o legal, etc. La relaci\u00f3n anterior se facilita a t\u00edtulo de ejemplo, pudiendo la empresa utilizar servicios de empresas pertenecientes a otros sectores de actividad para poder prestarte servicios de calidad. Fuera de estos casos, no se ha previsto ninguna cesi\u00f3n o comunicaci\u00f3n de datos ni dentro ni fuera de la UE.<\/p><p>Tambi\u00e9n se facilitar\u00e1 informaci\u00f3n a terceros en los supuestos en que as\u00ed se establezca de manera imperativa por la normativa vigente o cuando sea requerido judicialmente (administraciones p\u00fablicas, juzgados y tribunales, fuerzas y cuerpos de seguridad, agencia tributaria, etc.).<\/p><p>\u00a0<\/p><h3><strong>Derechos de las personas interesadas:<\/strong><\/h3><p>Te informamos que en calidad de persona interesada le corresponden los siguientes derechos:<\/p><ul><li>Derecho de acceso: cualquier persona tiene derecho a conocer y obtener informaci\u00f3n sobre los datos de car\u00e1cter personal que tratamos.<\/li><li>Derecho de rectificaci\u00f3n: las personas interesadas tienen derecho a solicitar la rectificaci\u00f3n, complementaci\u00f3n y\/o correcci\u00f3n de los datos inexactos, incorrectos o incompletos.<\/li><li>Derecho a supresi\u00f3n (tambi\u00e9n conocido como \u201cderecho al olvido\u201d): las personas interesadas, si lo consideran oportuno, tendr\u00e1n derecho a solicitar la supresi\u00f3n de los datos personales que les conciernen, entre otros motivos, cuando los datos ya no sean necesarios para las finalidades para la cuales se recogieron.<\/li><li>Derecho de cancelaci\u00f3n: los interesados pueden solicitar la cancelaci\u00f3n de sus datos.<\/li><li>Derecho de oposici\u00f3n: los interesados pueden oponerse al tratamiento de sus datos con finalidades de m\u00e1rquetin, incluida la elaboraci\u00f3n de perfiles, y en el resto de los supuestos establecidos en el art\u00edculo 21 del RGPD. En caso de que lo solicite, la empresa dejar\u00e1 de tratar los datos, excepto por motivos leg\u00edtimos imperiosos o para ejercer o defender posibles reclamaciones.<\/li><li>Derecho de limitaci\u00f3n en el tratamiento: en determinadas circunstancias previstas en el art\u00edculo 18 RGPD los interesados pueden solicitar la limitaci\u00f3n del tratamiento de sus datos. En este caso, \u00fanicamente los conservaremos para ejercer o defender reclamaciones. En concreto, tiene derecho a limitar el tratamiento en los supuestos en que:<\/li><li>El interesado impugne la exactitud de los datos personales, durante un plazo quepermita al responsable verificar la exactitud de los mismos.<\/li><li>El tratamiento sea il\u00edcito y el interesado se oponga a la supresi\u00f3n de los datos personales y solicite en su lugar la limitaci\u00f3n de su uso.<\/li><li>El responsable ya no necesite los datos personales para los fines del tratamiento, pero el interesado los necesite para la formulaci\u00f3n, el ejercicio o la defensa de reclamaciones.<\/li><li>El interesado se haya opuesto al tratamiento por motivos relacionados con su situaci\u00f3n particular a que sus datos personales sean objeto de un tratamiento basado en el cumplimiento de una misi\u00f3n realizada en inter\u00e9s p\u00fablico o en el ejercicio de poderes p\u00fablicos conferidos al responsable del tratamiento; i\/o el tratamiento sea necesario para la satisfacci\u00f3n de intereses leg\u00edtimos perseguidos por el responsable del tratamiento o por un tercero, mientras se verifica si los motivos leg\u00edtimos del responsable prevalecen sobre los del interesado.<\/li><li>Derecho a la portabilidad de los datos: los interesados tienen derecho a obtener sus datos personales en un formato estructurado de uso com\u00fan y lectura mec\u00e1nica, con la finalidad que se puedan trasmitir a otro responsable, en los t\u00e9rminos del art\u00edculo 20 del RGPD.<\/li><li>Derecho a no ser objeto de decisiones individuales automatizadas: los interesados tienen derecho a no ser objeto de una decisi\u00f3n basada en el tratamiento automatizado de sus datos que produzca efectos jur\u00eddicos.<\/li><li>Derecho a retirar el consentimiento prestado: los interesados tienen derecho a retirar el consentimiento prestado en cualquier momento. La retirada del consentimiento no afectar\u00e1 a la licitud del tratamiento efectuado antes de la retirada del mismo.<\/li><\/ul><p>Para retirar tu consentimiento respecto a la remisi\u00f3n de comunicaciones comerciales de nuestros productos y servicios, consulta el apartado \u201c\u00bfC\u00f3mo puedes ejercer tus derechos?\u201d. Tambi\u00e9n podr\u00e1s darte de baja directamente cada vez que recibas una comunicaci\u00f3n comercial por correo electr\u00f3nico.<\/p><p>Los interesados pueden obtener informaci\u00f3n adicional sobre tus derechos en la p\u00e1gina web de la <a href=\"https:\/\/www.aepd.es\/es\">Agencia Espa\u00f1ola de Protecci\u00f3n de datos<\/a>\u00a0o en la de la\u00a0<a href=\"https:\/\/apdcat.gencat.cat\/es\/inici\/index.html\">Autoritat Catalana de Protecci\u00f3 de Dades<\/a>.<\/p><p>\u00a0<\/p><h3><strong>\u00bfC\u00f3mo puedes ejercer tus derechos?<\/strong><\/h3><p>Puedes ejercer tus derechos mediante un escrito remitido a la direcci\u00f3n postal \u00a0C\/ Central, 30, 17538 Alp, Girona, Espa\u00f1a <a href=\"telf:(+34) 972 89 00 16\">(+34) 972 89 00 16<\/a> o al correo electr\u00f3nico\u00a0<a href=\"mailto:info@hoteljaume.com\">info@hoteljaume.com<\/a>, con el asunto \u201cDatos Personales\u201d adjuntando una fotocopia de tu documento de identidad o cualquier medio an\u00e1logo establecido en derecho.<\/p><p>\u00a0<\/p><h3><strong>\u00bfDe qu\u00e9 v\u00edas de reclamaci\u00f3n dispones?<\/strong><\/h3><p>Si consideras que tus derechos no han sido adecuadamente atendidos, tienes derecho a presentar una reclamaci\u00f3n ante la Agencia Espa\u00f1ola de Protecci\u00f3n de Datos o ante cualquier autoridad de control competente.<\/p><p>\u00a0<\/p><h3><strong>Informaci\u00f3n tratada:<\/strong><\/h3><p><strong>\u00bfQu\u00e9 categor\u00edas de datos personales tratamos?<\/strong><\/p><p>Procuramos que la informaci\u00f3n que solicitamos sea la m\u00ednima y necesaria para la gesti\u00f3n de las finalidades que constan en esta Pol\u00edtica de Protecci\u00f3n de Datos y de Privacidad.<\/p><p>Nuestra empresa puede tratar las siguientes categor\u00edas de datos personales:<\/p><ul><li>Datos identificativos: nombre y apellidos, n\u00famero de identificaci\u00f3n, pa\u00eds, etc.<\/li><li>Direcciones postales o electr\u00f3nicas y n\u00famero de tel\u00e9fono.<\/li><li>Informaci\u00f3n econ\u00f3mico financiera, para la gesti\u00f3n de la reserva y posterior facturaci\u00f3n y cobro del servicio solicitado.<\/li><li>Datos relativos a los productos y servicios contratados (hoteles reservados, frecuencia, duraci\u00f3n de la estancia, hoteles reservados con anterioridad, etc).<\/li><li>C\u00f3digos o claves de identificaci\u00f3n, en el caso que se haya dado de alta como usuario en el apartado de la web \u201cMis reservas\u201d o en el \u201cClub\u201d.<\/li><li>Datos acad\u00e9micos e Informaci\u00f3n laboral, en el caso que haya decidido inscribirse a una oferta de trabajo o remitirnos su curriculum vitae.<\/li><li>Datos de navegaci\u00f3n en el sitio web. Para ampliar informaci\u00f3n, consulte el apartado sobre Cookies o galletas inform\u00e1ticas.<\/li><\/ul><p>No se tratan datos especialmente protegidos o categor\u00edas especiales de datos.<\/p><p>Las categor\u00edas de interesados de los que tratamos tus datos personales a priori son las personas interesadas en los productos y servicios de nuestra empresa, as\u00ed como en la contrataci\u00f3n o reservas de los mismos. Tambi\u00e9n se considerar\u00e1n interesados a las personas que se den de alta en la bolsa de trabajo o remitan su curriculum vitae.<\/p><p>T\u00fa garantizas que los datos personales que has facilitado son veraces y te haces responsable de comunicar a la empresa cualquier modificaci\u00f3n o error en los mismos, respondiendo por lo tanto de la veracidad y exactitud de los datos suministrados en cada momento.<\/p><p>En caso de que pretendas comunicar datos personales de terceros, previamente debes haber informado y obtenido el consentimiento del mismo, de acuerdo con nuestra Pol\u00edtica de Protecci\u00f3n de Datos y de Privacidad. Es por ello que, en caso de que hayas introducido datos personales de un tercero, declaras y garantizas que cuentas con el consentimiento del tercero para la comunicaci\u00f3n de sus datos y posterior tratamiento de los mismos por parte de nuestra empresa, as\u00ed como que has informado previamente al tercero cuyos datos facilites del contenido de la presente Pol\u00edtica de Protecci\u00f3n de Datos y de Privacidad.<\/p><p>\u00a0<\/p><h3><strong>Datos personales que recopilamos de forma autom\u00e1tica:<\/strong><\/h3><p>Cuando visitas nuestras p\u00e1ginas web recopilamos cierta informaci\u00f3n autom\u00e1ticamente, incluso si al final no realizas ninguna reserva o contrataci\u00f3n. Esta informaci\u00f3n puede incluir la direcci\u00f3n IP, la fecha y la hora en la que has accedido a nuestros servicios, informaci\u00f3n sobre el hardware, el software o el navegador de internet que uses, el idioma seleccionado, entre otros.<\/p><p>Esta informaci\u00f3n permite mejorar los servicios y la experiencia en el sitio web, identificar posibles usos fraudulentos y posibles ataques a la seguridad del sitio web, as\u00ed como realizar estad\u00edsticas sobre el uso y eficacia de la p\u00e1gina web. Salvo que se detecte un uso fraudulento o contra la seguridad del sitio web, estos datos no se conservar\u00e1n. En ning\u00fan caso se tomar\u00e1n decisiones automatizadas con efectos jur\u00eddicos para ti en base a esta informaci\u00f3n.<\/p><p>Para ampliar informaci\u00f3n, consulte el apartado sobre Cookies o galletas inform\u00e1ticas.<\/p><p>\u00a0<\/p><h3><strong>Env\u00edo de comunicaciones:<\/strong><\/h3><p>Siempre que realices una reserva o contrates un servicio o producto, te enviaremos un correo electr\u00f3nico en el que te comunicaremos la confirmaci\u00f3n de reserva o contrataci\u00f3n, con informaci\u00f3n de la misma. Asimismo, podremos ponernos en contacto contigo para informarte de cualquier modificaci\u00f3n o novedad relacionada con la misma.<\/p><p>Por otro lado, la empresa podr\u00e1 enviarte comunicaciones comerciales relacionadas con los productos o servicios que ofrece siempre que hayas consentido de manera expresa y espec\u00edfica mediante la validaci\u00f3n de la casilla habilitada al efecto o mediante cualquier manifestaci\u00f3n de consentimiento expreso en este sentido.<\/p><p>Podr\u00e1s retirar tu consentimiento para recibir cualquier tipo de comunicaci\u00f3n comercial en cualquier momento enviando una comunicaci\u00f3n en los t\u00e9rminos recogidos en el apartado \u201cDerecho de las personas interesadas\u201d. Asimismo, esta posibilidad tambi\u00e9n te ser\u00e1 ofrecida en cada comunicaci\u00f3n comercial que recibas v\u00eda correo electr\u00f3nico o SMS.<\/p><p>\u00a0<\/p><h3><strong>Comunicaci\u00f3n de datos por parte de menores de edad:<\/strong><\/h3><p>Los servicios ofrecidos a trav\u00e9s del sitio web s\u00f3lo est\u00e1n disponibles para mayores de edad. Por lo tanto, aquellos que no cumplan con esta condici\u00f3n deber\u00e1n abstenerse de suministrar informaci\u00f3n personal en el sitio web.<\/p><p>\u00a0<\/p><h3><strong>Links a p\u00e1ginas web de terceros:<\/strong><\/h3><p>Nuestra p\u00e1gina web puede contener enlaces a p\u00e1ginas web de compa\u00f1\u00edas y entidades de terceros. Dado que no podemos hacernos responsables de la forma en la que estas compa\u00f1\u00edas tratan la protecci\u00f3n de la privacidad y de los datos personales de sus usuarios, te aconsejamos que leas detenidamente las declaraciones de pol\u00edtica de privacidad de estas p\u00e1ginas web que no son propiedad de la empresa con relaci\u00f3n al uso, procesamiento y protecci\u00f3n de datos personales.<\/p><p>\u00a0<\/p><h3><strong>Medios de comunicaci\u00f3n social:<\/strong><\/h3><p>Nuestra empresa utiliza las redes sociales para dar a conocer sus servicios y productos y compartir informaci\u00f3n y experiencias con sus usuarios y seguidores.<\/p><p>Dado que no podemos hacernos responsables de la forma en la que estas compa\u00f1\u00edas tratan la protecci\u00f3n de la privacidad y de los datos personales, y que cada una de ellas tiene su propia pol\u00edtica en la materia, te aconsejamos que leas detenidamente las declaraciones de pol\u00edtica de privacidad de cada red social respecto al tratamiento que realizan con los datos personales de sus usuarios, antes de usarlas.<\/p><p>\u00a0<\/p><h3><strong>Modificaciones en la pol\u00edtica de privacidad:<\/strong><\/h3><p>La empresa se reserva el derecho de modificar la presente Pol\u00edtica de Protecci\u00f3n de Datos y de Privacidad de acuerdo con los tratamientos de datos que realice y con la legislaci\u00f3n aplicable en cada momento, de lo que informar\u00e1 debidamente en el sitio web, por lo que te recomienda que la revises peri\u00f3dicamente para estar informado de c\u00f3mo la empresa trata y protege tus datos personales.<\/p><p>\u00a0<\/p><h3><strong>Preguntas y dudas:<\/strong><\/h3><p>Si tienes alguna duda o pregunta sobre esta pol\u00edtica de privacidad, rogamos que te pongas en contacto con nosotros enviando un correo electr\u00f3nico a (<a href=\"mailto:info@hoteljaume.com\">info@hoteljaume.com<\/a>) con el asunto \u201cPol\u00edtica Privacidad\u201d.<\/p>\t\t\t\t\t\t<\/div>\n\t\t\t\t<\/div>\n\t\t\t\t\t<\/div>\n\t\t\t\t<\/div>\n\t\t\t\t\t<\/div>\n\t\t\t\t<\/div>\n\t\t\t\t<\/div>\n\t\t","protected":false},"excerpt":{"rendered":"<p>Pol\u00edtica de privacidad Home Pol\u00edtica de privacidad TEXTOS LEGALES Pol\u00edtica de privacidad del Hotel Jaume Pol\u00edtica de privacidad En cumplimiento de la normativa vigente en materia de protecci\u00f3n de datos, Reglamento (UE) 2016\/679 del Parlamento Europeo y del Consejo de 27 de abril de 2016, conocido como Reglamento General de Protecci\u00f3n de Datos (RGPD o [&hellip;]<\/p>\n","protected":false},"author":4,"featured_media":0,"parent":0,"menu_order":87,"comment_status":"closed","ping_status":"closed","template":"","meta":{"footnotes":""},"class_list":["post-660","page","type-page","status-publish","hentry"],"yoast_head":"<!-- This site is optimized with the Yoast SEO Premium plugin v22.8 (Yoast SEO v22.8) - https:\/\/yoast.com\/wordpress\/plugins\/seo\/ -->\n<title>Pol\u00edtica de privacidad del Hotel Jaume - Alp, Girona<\/title>\n<meta name=\"description\" content=\"Consulta la pol\u00edtica de privacidad de la web del Hotel Jaume y reserva tu hotel de monta\u00f1a en el centro de Alp, en el Pirineo de Girona.\" \/>\n<meta name=\"robots\" content=\"noindex, follow\" \/>\n<meta property=\"og:locale\" content=\"es_ES\" \/>\n<meta property=\"og:type\" content=\"article\" \/>\n<meta property=\"og:title\" content=\"Pol\u00edtica de privacidad\" \/>\n<meta property=\"og:description\" content=\"Consulta la pol\u00edtica de privacidad de la web del Hotel Jaume y reserva tu hotel de monta\u00f1a en el centro de Alp, en el Pirineo de Girona.\" \/>\n<meta property=\"og:url\" content=\"https:\/\/www.hoteljaume.com\/es\/politica-de-privacidad\/\" \/>\n<meta property=\"og:site_name\" content=\"Hotel Jaume\" \/>\n<meta property=\"article:modified_time\" content=\"2024-12-24T08:36:17+00:00\" \/>\n<meta property=\"og:image\" content=\"https:\/\/www.hoteljaume.com\/wp-content\/uploads\/2024\/11\/habitacion-suite-atico-hotel-jaume-alp-pirineo-girona-2-scaled.jpg\" \/>\n\t<meta property=\"og:image:width\" content=\"2560\" \/>\n\t<meta property=\"og:image:height\" content=\"1707\" \/>\n\t<meta property=\"og:image:type\" content=\"image\/jpeg\" \/>\n<meta name=\"twitter:card\" content=\"summary_large_image\" \/>\n<meta name=\"twitter:label1\" content=\"Tiempo de lectura\" \/>\n\t<meta name=\"twitter:data1\" content=\"19 minutos\" \/>\n<script type=\"application\/ld+json\" class=\"yoast-schema-graph\">{\"@context\":\"https:\/\/schema.org\",\"@graph\":[{\"@type\":\"WebPage\",\"@id\":\"https:\/\/www.hoteljaume.com\/es\/politica-de-privacidad\/\",\"url\":\"https:\/\/www.hoteljaume.com\/es\/politica-de-privacidad\/\",\"name\":\"Pol\u00edtica de privacidad del Hotel Jaume - Alp, Girona\",\"isPartOf\":{\"@id\":\"https:\/\/www.hoteljaume.com\/es\/#website\"},\"datePublished\":\"2024-03-07T10:36:45+00:00\",\"dateModified\":\"2024-12-24T08:36:17+00:00\",\"description\":\"Consulta la pol\u00edtica de privacidad de la web del Hotel Jaume y reserva tu hotel de monta\u00f1a en el centro de Alp, en el Pirineo de Girona.\",\"breadcrumb\":{\"@id\":\"https:\/\/www.hoteljaume.com\/es\/politica-de-privacidad\/#breadcrumb\"},\"inLanguage\":\"es\",\"potentialAction\":[{\"@type\":\"ReadAction\",\"target\":[\"https:\/\/www.hoteljaume.com\/es\/politica-de-privacidad\/\"]}]},{\"@type\":\"BreadcrumbList\",\"@id\":\"https:\/\/www.hoteljaume.com\/es\/politica-de-privacidad\/#breadcrumb\",\"itemListElement\":[{\"@type\":\"ListItem\",\"position\":1,\"name\":\"Home\",\"item\":\"https:\/\/www.hoteljaume.com\/es\/\"},{\"@type\":\"ListItem\",\"position\":2,\"name\":\"Pol\u00edtica de privacidad\"}]},{\"@type\":\"WebSite\",\"@id\":\"https:\/\/www.hoteljaume.com\/es\/#website\",\"url\":\"https:\/\/www.hoteljaume.com\/es\/\",\"name\":\"Hotel Jaume\",\"description\":\"\",\"publisher\":{\"@id\":\"https:\/\/www.hoteljaume.com\/es\/#organization\"},\"potentialAction\":[{\"@type\":\"SearchAction\",\"target\":{\"@type\":\"EntryPoint\",\"urlTemplate\":\"https:\/\/www.hoteljaume.com\/es\/?s={search_term_string}\"},\"query-input\":\"required name=search_term_string\"}],\"inLanguage\":\"es\"},{\"@type\":\"Organization\",\"@id\":\"https:\/\/www.hoteljaume.com\/es\/#organization\",\"name\":\"Hotel Jaume\",\"url\":\"https:\/\/www.hoteljaume.com\/es\/\",\"logo\":{\"@type\":\"ImageObject\",\"inLanguage\":\"es\",\"@id\":\"https:\/\/www.hoteljaume.com\/es\/#\/schema\/logo\/image\/\",\"url\":\"https:\/\/www.hoteljaume.com\/wp-content\/uploads\/2024\/02\/logo_Hotel-Jaume_V1.svg\",\"contentUrl\":\"https:\/\/www.hoteljaume.com\/wp-content\/uploads\/2024\/02\/logo_Hotel-Jaume_V1.svg\",\"width\":588,\"height\":163,\"caption\":\"Hotel Jaume\"},\"image\":{\"@id\":\"https:\/\/www.hoteljaume.com\/es\/#\/schema\/logo\/image\/\"}}]}<\/script>\n<!-- \/ Yoast SEO Premium plugin. -->","yoast_head_json":{"title":"Pol\u00edtica de privacidad del Hotel Jaume - Alp, Girona","description":"Consulta la pol\u00edtica de privacidad de la web del Hotel Jaume y reserva tu hotel de monta\u00f1a en el centro de Alp, en el Pirineo de Girona.","robots":{"index":"noindex","follow":"follow"},"og_locale":"es_ES","og_type":"article","og_title":"Pol\u00edtica de privacidad","og_description":"Consulta la pol\u00edtica de privacidad de la web del Hotel Jaume y reserva tu hotel de monta\u00f1a en el centro de Alp, en el Pirineo de Girona.","og_url":"https:\/\/www.hoteljaume.com\/es\/politica-de-privacidad\/","og_site_name":"Hotel Jaume","article_modified_time":"2024-12-24T08:36:17+00:00","og_image":[{"width":2560,"height":1707,"url":"https:\/\/www.hoteljaume.com\/wp-content\/uploads\/2024\/11\/habitacion-suite-atico-hotel-jaume-alp-pirineo-girona-2-scaled.jpg","type":"image\/jpeg"}],"twitter_card":"summary_large_image","twitter_misc":{"Tiempo de lectura":"19 minutos"},"schema":{"@context":"https:\/\/schema.org","@graph":[{"@type":"WebPage","@id":"https:\/\/www.hoteljaume.com\/es\/politica-de-privacidad\/","url":"https:\/\/www.hoteljaume.com\/es\/politica-de-privacidad\/","name":"Pol\u00edtica de privacidad del Hotel Jaume - Alp, Girona","isPartOf":{"@id":"https:\/\/www.hoteljaume.com\/es\/#website"},"datePublished":"2024-03-07T10:36:45+00:00","dateModified":"2024-12-24T08:36:17+00:00","description":"Consulta la pol\u00edtica de privacidad de la web del Hotel Jaume y reserva tu hotel de monta\u00f1a en el centro de Alp, en el Pirineo de Girona.","breadcrumb":{"@id":"https:\/\/www.hoteljaume.com\/es\/politica-de-privacidad\/#breadcrumb"},"inLanguage":"es","potentialAction":[{"@type":"ReadAction","target":["https:\/\/www.hoteljaume.com\/es\/politica-de-privacidad\/"]}]},{"@type":"BreadcrumbList","@id":"https:\/\/www.hoteljaume.com\/es\/politica-de-privacidad\/#breadcrumb","itemListElement":[{"@type":"ListItem","position":1,"name":"Home","item":"https:\/\/www.hoteljaume.com\/es\/"},{"@type":"ListItem","position":2,"name":"Pol\u00edtica de privacidad"}]},{"@type":"WebSite","@id":"https:\/\/www.hoteljaume.com\/es\/#website","url":"https:\/\/www.hoteljaume.com\/es\/","name":"Hotel Jaume","description":"","publisher":{"@id":"https:\/\/www.hoteljaume.com\/es\/#organization"},"potentialAction":[{"@type":"SearchAction","target":{"@type":"EntryPoint","urlTemplate":"https:\/\/www.hoteljaume.com\/es\/?s={search_term_string}"},"query-input":"required name=search_term_string"}],"inLanguage":"es"},{"@type":"Organization","@id":"https:\/\/www.hoteljaume.com\/es\/#organization","name":"Hotel Jaume","url":"https:\/\/www.hoteljaume.com\/es\/","logo":{"@type":"ImageObject","inLanguage":"es","@id":"https:\/\/www.hoteljaume.com\/es\/#\/schema\/logo\/image\/","url":"https:\/\/www.hoteljaume.com\/wp-content\/uploads\/2024\/02\/logo_Hotel-Jaume_V1.svg","contentUrl":"https:\/\/www.hoteljaume.com\/wp-content\/uploads\/2024\/02\/logo_Hotel-Jaume_V1.svg","width":588,"height":163,"caption":"Hotel Jaume"},"image":{"@id":"https:\/\/www.hoteljaume.com\/es\/#\/schema\/logo\/image\/"}}]}},"_links":{"self":[{"href":"https:\/\/www.hoteljaume.com\/es\/wp-json\/wp\/v2\/pages\/660","targetHints":{"allow":["GET"]}}],"collection":[{"href":"https:\/\/www.hoteljaume.com\/es\/wp-json\/wp\/v2\/pages"}],"about":[{"href":"https:\/\/www.hoteljaume.com\/es\/wp-json\/wp\/v2\/types\/page"}],"author":[{"embeddable":true,"href":"https:\/\/www.hoteljaume.com\/es\/wp-json\/wp\/v2\/users\/4"}],"replies":[{"embeddable":true,"href":"https:\/\/www.hoteljaume.com\/es\/wp-json\/wp\/v2\/comments?post=660"}],"version-history":[{"count":78,"href":"https:\/\/www.hoteljaume.com\/es\/wp-json\/wp\/v2\/pages\/660\/revisions"}],"predecessor-version":[{"id":5689,"href":"https:\/\/www.hoteljaume.com\/es\/wp-json\/wp\/v2\/pages\/660\/revisions\/5689"}],"wp:attachment":[{"href":"https:\/\/www.hoteljaume.com\/es\/wp-json\/wp\/v2\/media?parent=660"}],"curies":[{"name":"wp","href":"https:\/\/api.w.org\/{rel}","templated":true}]}}