{"id":5353,"date":"2024-03-07T10:36:45","date_gmt":"2024-03-07T09:36:45","guid":{"rendered":"https:\/\/dev-hoteljaume.gnahs.com\/politica-de-privacitat\/"},"modified":"2025-01-07T12:55:22","modified_gmt":"2025-01-07T11:55:22","slug":"politica-de-privacitat","status":"publish","type":"page","link":"https:\/\/www.hoteljaume.com\/ca\/politica-de-privacitat\/","title":{"rendered":"Pol\u00edtica de privacitat"},"content":{"rendered":"\t\t<div data-elementor-type=\"wp-page\" data-elementor-id=\"5353\" class=\"elementor elementor-5353 elementor-660\" data-elementor-post-type=\"page\">\n\t\t\t\t<div class=\"elementor-element elementor-element-391e829 e-flex e-con-boxed e-con e-parent\" data-id=\"391e829\" data-element_type=\"container\" data-settings=\"{&quot;background_background&quot;:&quot;classic&quot;}\">\n\t\t\t\t\t<div class=\"e-con-inner\">\n\t\t\t\t<div class=\"elementor-element elementor-element-65252e79 elementor-widget elementor-widget-heading\" data-id=\"65252e79\" data-element_type=\"widget\" data-widget_type=\"heading.default\">\n\t\t\t\t<div class=\"elementor-widget-container\">\n\t\t\t<style>\/*! elementor - v3.21.0 - 26-05-2024 *\/\n.elementor-heading-title{padding:0;margin:0;line-height:1}.elementor-widget-heading .elementor-heading-title[class*=elementor-size-]>a{color:inherit;font-size:inherit;line-height:inherit}.elementor-widget-heading .elementor-heading-title.elementor-size-small{font-size:15px}.elementor-widget-heading .elementor-heading-title.elementor-size-medium{font-size:19px}.elementor-widget-heading .elementor-heading-title.elementor-size-large{font-size:29px}.elementor-widget-heading .elementor-heading-title.elementor-size-xl{font-size:39px}.elementor-widget-heading .elementor-heading-title.elementor-size-xxl{font-size:59px}<\/style><div class=\"elementor-heading-title elementor-size-default\">Pol\u00edtica de privacitat<\/div>\t\t<\/div>\n\t\t\t\t<\/div>\n\t\t\t\t<div class=\"elementor-element elementor-element-41191bc1 elementor-icon-list--layout-inline elementor-align-center elementor-list-item-link-full_width elementor-widget elementor-widget-icon-list\" data-id=\"41191bc1\" data-element_type=\"widget\" data-widget_type=\"icon-list.default\">\n\t\t\t\t<div class=\"elementor-widget-container\">\n\t\t\t<link rel=\"stylesheet\" href=\"https:\/\/www.hoteljaume.com\/wp-content\/plugins\/elementor\/assets\/css\/widget-icon-list.min.css\">\t\t<ul class=\"elementor-icon-list-items elementor-inline-items\">\n\t\t\t\t\t\t\t<li class=\"elementor-icon-list-item elementor-inline-item\">\n\t\t\t\t\t\t\t\t\t\t\t<a href=\"https:\/\/www.hoteljaume.com\/ca\/\">\n\n\t\t\t\t\t\t\t\t\t\t\t<span class=\"elementor-icon-list-text\">Home<\/span>\n\t\t\t\t\t\t\t\t\t\t\t<\/a>\n\t\t\t\t\t\t\t\t\t<\/li>\n\t\t\t\t\t\t\t\t<li class=\"elementor-icon-list-item elementor-inline-item\">\n\t\t\t\t\t\t\t\t\t\t\t<span class=\"elementor-icon-list-icon\">\n\t\t\t\t\t\t\t<svg aria-hidden=\"true\" class=\"e-font-icon-svg e-fas-chevron-right\" viewBox=\"0 0 320 512\" xmlns=\"http:\/\/www.w3.org\/2000\/svg\"><path d=\"M285.476 272.971L91.132 467.314c-9.373 9.373-24.569 9.373-33.941 0l-22.667-22.667c-9.357-9.357-9.375-24.522-.04-33.901L188.505 256 34.484 101.255c-9.335-9.379-9.317-24.544.04-33.901l22.667-22.667c9.373-9.373 24.569-9.373 33.941 0L285.475 239.03c9.373 9.372 9.373 24.568.001 33.941z\"><\/path><\/svg>\t\t\t\t\t\t<\/span>\n\t\t\t\t\t\t\t\t\t\t<span class=\"elementor-icon-list-text\">Pol\u00edtica de privacitat<\/span>\n\t\t\t\t\t\t\t\t\t<\/li>\n\t\t\t\t\t\t<\/ul>\n\t\t\t\t<\/div>\n\t\t\t\t<\/div>\n\t\t\t\t\t<\/div>\n\t\t\t\t<\/div>\n\t\t<div class=\"elementor-element elementor-element-4b916d17 e-flex e-con-boxed e-con e-parent\" data-id=\"4b916d17\" data-element_type=\"container\" data-settings=\"{&quot;motion_fx_motion_fx_scrolling&quot;:&quot;yes&quot;,&quot;motion_fx_translateY_effect&quot;:&quot;yes&quot;,&quot;motion_fx_devices&quot;:[&quot;desktop&quot;,&quot;tablet&quot;],&quot;motion_fx_translateY_speed&quot;:{&quot;unit&quot;:&quot;px&quot;,&quot;size&quot;:4,&quot;sizes&quot;:[]},&quot;motion_fx_translateY_affectedRange&quot;:{&quot;unit&quot;:&quot;%&quot;,&quot;size&quot;:&quot;&quot;,&quot;sizes&quot;:{&quot;start&quot;:0,&quot;end&quot;:100}}}\">\n\t\t\t\t\t<div class=\"e-con-inner\">\n\t\t<div class=\"elementor-element elementor-element-1704ffb1 e-flex e-con-boxed e-con e-child\" data-id=\"1704ffb1\" data-element_type=\"container\">\n\t\t\t\t\t<div class=\"e-con-inner\">\n\t\t\t\t<div class=\"elementor-element elementor-element-75e37d3a elementor-widget elementor-widget-heading\" data-id=\"75e37d3a\" data-element_type=\"widget\" data-widget_type=\"heading.default\">\n\t\t\t\t<div class=\"elementor-widget-container\">\n\t\t\t<div class=\"elementor-heading-title elementor-size-default\">TEXTOS LEGALS<\/div>\t\t<\/div>\n\t\t\t\t<\/div>\n\t\t\t\t<div class=\"elementor-element elementor-element-1252f59 elementor-widget elementor-widget-heading\" data-id=\"1252f59\" data-element_type=\"widget\" data-widget_type=\"heading.default\">\n\t\t\t\t<div class=\"elementor-widget-container\">\n\t\t\t<h1 class=\"elementor-heading-title elementor-size-default\">Pol\u00edtica de privacitat de l'Hotel Jaume<\/h1>\t\t<\/div>\n\t\t\t\t<\/div>\n\t\t\t\t\t<\/div>\n\t\t\t\t<\/div>\n\t\t<div class=\"elementor-element elementor-element-4abb49fc e-flex e-con-boxed e-con e-child\" data-id=\"4abb49fc\" data-element_type=\"container\">\n\t\t\t\t\t<div class=\"e-con-inner\">\n\t\t\t\t<div class=\"elementor-element elementor-element-2f38bc9 elementor-widget elementor-widget-text-editor\" data-id=\"2f38bc9\" data-element_type=\"widget\" data-widget_type=\"text-editor.default\">\n\t\t\t\t<div class=\"elementor-widget-container\">\n\t\t\t<style>\/*! elementor - v3.21.0 - 26-05-2024 *\/\n.elementor-widget-text-editor.elementor-drop-cap-view-stacked .elementor-drop-cap{background-color:#69727d;color:#fff}.elementor-widget-text-editor.elementor-drop-cap-view-framed .elementor-drop-cap{color:#69727d;border:3px solid;background-color:transparent}.elementor-widget-text-editor:not(.elementor-drop-cap-view-default) .elementor-drop-cap{margin-top:8px}.elementor-widget-text-editor:not(.elementor-drop-cap-view-default) .elementor-drop-cap-letter{width:1em;height:1em}.elementor-widget-text-editor .elementor-drop-cap{float:left;text-align:center;line-height:1;font-size:50px}.elementor-widget-text-editor .elementor-drop-cap-letter{display:inline-block}<\/style>\t\t\t\t<h2>Pol\u00edtica de privacitat<\/h2>\n<p>En compliment de la normativa vigent en mat\u00e8ria de protecci\u00f3 de dades, Reglament (UE) 2016\/679 del Parlament Europeu i del Consell de 27 d&#8217;abril de 2016, conegut com a Reglament General de Protecci\u00f3 de Dades (RGPD o GDPR) i la Llei Org\u00e0nica 3\/2018 de 5 de desembre (LOPDGDD), t&#8217;informem que la Pol\u00edtica de Protecci\u00f3 de Dades i la Pol\u00edtica de Privacitat de la nostra empresa, pel que fa al tractament de les teves dades personals, \u00e9s la seg\u00fcent:<\/p>\n<h3> <\/h3>\n<h3><strong>Responsable del tractament de les dades personals:<\/strong><\/h3>\n<p>El responsable del tractament de les dades personals \u00e9s la persona f\u00edsica o jur\u00eddica, autoritat p\u00fablica, servei o altre organisme que, sols o juntament amb altres, determini els fins i els mitjans del tractament.<\/p>\n<p>En aquest cas, les dades del responsable del tractament s\u00f3n les seg\u00fcents:<\/p>\n<p>Identitat: Hotel Jaume<\/p>\n<p>Direcci\u00f3 Postal: C\/ Central, 30, 17538 Alp, Girona, Espa\u00f1a<\/p>\n<p>Tel\u00e8fon: <a href=\"telf:(+34)972890016\">(+34) 972 89 00 16<\/a><\/p>\n<p>Direcci\u00f3 electr\u00f2nica: <a href=\"mailto:info@hoteljaume.com\">info@hoteljaume.com<\/a><\/p>\n<p>Hotel Jaume, en qualitat de responsable de les dades i de la p\u00e0gina web, d&#8217;acord amb la normativa legal vigent, i en concret, amb el que disposa el Reglament (UE) 2016\/679 del Parlament Europeu i del Consell, de 27 d&#8217;abril de 2016, relatiu a la protecci\u00f3 de les persones f\u00edsiques pel que fa al tractament de dades personals i a la lliure circulaci\u00f3 d&#8217;aquests dades (RGPD o GDPR), aix\u00ed com per la Llei 34\/2002, de 11 de juliol, de Serveis de la Societat de la Informaci\u00f3 i del Comer\u00e7 Electr\u00f2nic (LSSICE), t&#8217;informem que tenim implementades mesures t\u00e8cniques i organitzatives adequades, d&#8217;acord amb l&#8217;estat de la t\u00e8cnica i el cost de la seva aplicaci\u00f3 respecte als riscos i la naturalesa de les dades personals tractades, per garantir i protegir la confidencialitat, integritat i disponibilitat de les teves dades personals.<\/p>\n<p><strong> <\/strong><\/p>\n<h3><strong>Dades personals:<\/strong><\/h3>\n<p>Les dades personals s\u00f3n qualsevol informaci\u00f3 sobre una persona f\u00edsica identificada o identificable (\u00abl&#8217;interessat\u00bb); es considerar\u00e0 persona f\u00edsica identificable tota persona la identitat de la qual pugui determinar-se, directament o indirectament, en particular mitjan\u00e7ant un identificador, com ara un nom, un n\u00famero d&#8217;identificaci\u00f3, dades de localitzaci\u00f3, un identificador en l\u00ednia o un o m\u00e9s elements propis de la identitat f\u00edsica, fisiol\u00f2gica, gen\u00e8tica, ps\u00edquica, econ\u00f2mica, cultural o social d&#8217;aquesta persona.<\/p>\n<p>Hi ha una gran varietat d&#8217;informaci\u00f3 que es considera dades personals, per exemple, el nom, informaci\u00f3 de contacte, n\u00famero d&#8217;identificaci\u00f3, IP de l&#8217;ordinador, etc.<\/p>\n<p>Per ampliar aquesta informaci\u00f3, pots consultar la web de l&#8217;<a href=\"https:\/\/www.aepd.es\/es\">Ag\u00e8ncia Espanyola de Protecci\u00f3 de Dades<\/a> o la de l&#8217;<a href=\"https:\/\/apdcat.gencat.cat\/es\/inici\/index.html\">Autoritat Catalana de Protecci\u00f3 de Dades<\/a>, entre altres.<\/p>\n<\/p>\n<h3><strong>Tractament de dades personals:<\/strong><\/h3>\n<p>Es considera tractament de dades personals qualsevol operaci\u00f3 o conjunt d&#8217;operacions realitzades sobre dades personals o conjunts de dades personals, ja sigui per procediments automatitzats o no, com la recollida, registre, organitzaci\u00f3, estructuraci\u00f3, conservaci\u00f3, adaptaci\u00f3 o modificaci\u00f3, extracci\u00f3, consulta, utilitzaci\u00f3, comunicaci\u00f3 per transmissi\u00f3, difusi\u00f3 o qualsevol altra forma de possibilitar l&#8217;acc\u00e9s, coteig o interconnexi\u00f3, limitaci\u00f3, supressi\u00f3 o destrucci\u00f3 de les dades.<\/p>\n<\/p>\n<h3><strong>Finalitat del tractament de dades:<\/strong><\/h3>\n<p><strong>Quina finalitat tractem les seves dades personals?<\/strong><\/p>\n<p>Les dades personals facilitades pels interessats seran utilitzades exclusivament per a les seg\u00fcents finalitats:<\/p>\n<ul>\n<li>Reserva, registre i contractaci\u00f3 de productes: Gestionar i executar la prestaci\u00f3 dels serveis i\/o productes contractats o sol\u00b7licitats pels interessats, aix\u00ed com les gestions necess\u00e0ries per dur a terme la relaci\u00f3 contractual amb l&#8217;interessat, el que inclou informar, tramitar, gestionar, modificar i qualsevol altra operaci\u00f3 que sigui necess\u00e0ria per a la gesti\u00f3 de la teva reserva o compra, aix\u00ed com la posterior facturaci\u00f3 i cobrament. Es poden realitzar an\u00e0lisis d&#8217;\u00fas basades en l&#8217;historial de compres i reserves d&#8217;un mateix interessat, sense que en cap cas es prenguin decisions automatitzades que comportin efectes jur\u00eddics. <\/li>\n<li>Llibre registre d&#8217;entrades de viatgers en establiments d&#8217;hostaleria: Recollir, gestionar i trametre la informaci\u00f3 establerta per la normativa legal vigent pel que fa al llibre registre d&#8217;entrades de viatgers en establiments hotelers.<\/li>\n<li>Consultes: Atendre, respondre i fer el seguiment de les consultes i sol\u00b7licituds efectuades pels interessats i\/o proporcionar les informacions sol\u00b7licitades per l&#8217;usuari.<\/li>\n<li>Acc\u00e9s a l&#8217;\u00e0rea privada &#8220;la meva reserva&#8221;: Gestionar el registre i permetre l&#8217;acc\u00e9s a la informaci\u00f3 que consta a la p\u00e0gina web relativa a l&#8217;estat de la seva reserva, aix\u00ed com l&#8217;administraci\u00f3 general del compte, que permet modificar les dades de la mateixa, el seu manteniment, control, gesti\u00f3 o cancel\u00b7laci\u00f3, en el cas que s&#8217;hagi donat d&#8217;alta com a usuari.<\/li>\n<li>Publicitat de productes i serveis propis: Enviar comunicacions comercials publicit\u00e0ries (newsletters) relacionades amb els nostres productes i serveis per qualsevol mitj\u00e0 (correu electr\u00f2nic, correu postal o tel\u00e8fon), amb promocions i descomptes, invitacions a esdeveniments organitzats per l&#8217;empresa, etc. en el sup\u00f2sit que l&#8217;interessat hagi acceptat i consentit l&#8217;enviament de comunicacions comercials mitjan\u00e7ant l&#8217;alta i subscripci\u00f3 a la Newsletter.<\/li>\n<li>Finalitzaci\u00f3 de reserves inacabades: Posar-se en contacte per qualsevol mitj\u00e0 (email o tel\u00e8fon) amb l&#8217;usuari en el sup\u00f2sit en qu\u00e8 no s&#8217;hagi finalitzat la reserva amb l&#8217;objectiu de con\u00e8ixer el motiu pel qual no s&#8217;ha finalitzat la mateixa.<\/li>\n<li>Borsa de treball: Valorar i gestionar el curriculum vitae i les dades acad\u00e8miques i professionals que se&#8217;ns hagi facilitat, per als processos de selecci\u00f3 als quals s&#8217;hagi inscrit o els que s&#8217;adaptin al teu perfil professional, i dur a terme les actuacions necess\u00e0ries per a la selecci\u00f3 i contractaci\u00f3 de personal, i entre elles, posar-nos en contacte amb el teu curriculum vitae.<\/li>\n<li>Comunicar canvis en la pol\u00edtica de privacitat: Notificar o comunicar canvis rellevants en la pol\u00edtica de protecci\u00f3 de dades i de privacitat, av\u00eds legal o pol\u00edtica de cookies.<\/li>\n<li>Estad\u00edstiques: Realitzar estudis de mercat i estad\u00edstiques dels nostres productes i serveis, sense que en cap cas es prenguin decisions de manera automatitzada.<\/li>\n<\/ul>\n<p>L&#8217;empresa informa que no tractar\u00e0 les teves dades personals per a cap altra finalitat llevat de les recollides en aquest apartat, llevat dels sup\u00f2sits en qu\u00e8 existeixi una obligaci\u00f3 legal o requeriment judicial.<\/p>\n<p>Les teves dades personals no seran objecte de decisions basades en tractaments automatitzats que comportin efectes jur\u00eddics per a tu.<\/p>\n<p><strong>Durant quant temps conservarem les teves dades personals?<\/strong><\/p>\n<p>Les dades personals que ens has proporcionat es conservaran durant el temps necessari per dur a terme el servei sol\u00b7licitat o contractat, i fins a un termini m\u00e0xim de 5 anys a partir de l&#8217;\u00faltima confirmaci\u00f3 per la teva part de l&#8217;exist\u00e8ncia d&#8217;inter\u00e8s en qu\u00e8 mantinguem les teves dades.<\/p>\n<p>Aix\u00f2 s&#8217;ent\u00e9n sens perjudici d&#8217;una possible conservaci\u00f3 m\u00e9s prolongada als efectes d&#8217;un eventual compliment de les obligacions legals i per a l&#8217;exercici i seguiment de les accions legals i judicials que puguin ser pertinents.<\/p>\n<p>Transcorreguts els terminis indicats es procedir\u00e0 a l&#8217;eliminaci\u00f3 de les dades personals.<\/p>\n<h3>Legitimaci\u00f3 per al tractament de les dades:<\/h3>\n<p>La base legal per al tractament de les teves dades personals respon a la lliure i leg\u00edtima acceptaci\u00f3 de la relaci\u00f3 jur\u00eddica per part de l&#8217;usuari en el moment d&#8217;acceptaci\u00f3 d&#8217;aquesta Pol\u00edtica de protecci\u00f3 de dades personals i de privacitat.<\/p>\n<p>Aix\u00ed mateix, es detalla a continuaci\u00f3 la legitimaci\u00f3 per al tractament de les teves dades per a cadascuna de les finalitats del tractament de dades personals que s&#8217;han identificat amb anterioritat:<\/p>\n<ul>\n<li>Reserva, registre i contractaci\u00f3 de productes: La base legal per al tractament de les teves dades personals \u00e9s la relaci\u00f3 contractual i, si s&#8217;escau, precontractual establerta entre les parts per a l&#8217;execuci\u00f3 de la prestaci\u00f3 dels serveis i\/o productes contractats o sol\u00b7licitats pels interessats, i en concret, per a l&#8217;execuci\u00f3 de la reserva dels serveis i productes del nostre establiment que s&#8217;han efectuat, segons els termes i condicions que consten a l&#8217;apartat de Termes i Condicions de Contractaci\u00f3, aix\u00ed com el compliment de les obligacions mercantils, fiscals i comptables que corresponguin. Tot aix\u00f2 en base al que preveu l&#8217;article 6.1 apartats a) i b) del RGPD.   <\/li>\n<li>La negativa a facilitar les dades personals sol\u00b7licitades per a la reserva impossibilitar\u00e0, per tant, la realitzaci\u00f3 del contracte o de la reserva sol\u00b7licitades. Per ampliar informaci\u00f3 sobre la contractaci\u00f3 dels nostres productes i serveis consulta l&#8217;apartat Condicions i Termes de Contractaci\u00f3. Una vegada realitzada la reserva, l&#8217;interessat rebr\u00e0 un correu electr\u00f2nic de confirmaci\u00f3 amb les dades de la reserva.  <\/li>\n<li>Llibre registre d&#8217;entrades de viatgers en establiments d&#8217;hostaleria: La base legal per al tractament de les dades personals \u00e9s l&#8217;obligaci\u00f3 legal establerta al respecte de la recollida, gesti\u00f3 i remissi\u00f3 als cossos de seguretat competents establerta en la Llei Org\u00e0nica 4\/2015, de 30 de mar\u00e7 de Protecci\u00f3 de la Seguretat Ciutadana i altra normativa de desenvolupament. Aix\u00f2 en base al que estableix l&#8217;article 6.1 apartat c) del RGPD. La negativa a facilitar les dades personals sol\u00b7licitades impossibilitar\u00e0, per tant, la possibilitat d&#8217;allotjar-se a l&#8217;establiment.  <\/li>\n<li>Consultes: La base legal per al tractament de les seves dades personals \u00e9s la possibilitat de donar resposta a les consultes lliurement plantejades pels interessats. Aquest tractament es realitza en base al que estableix l&#8217;article 6.1 apartats a) i b) del RGPD.   <\/li>\n<li>Acc\u00e9s a l&#8217;\u00e0rea privada &#8220;la meva reserva&#8221;: En cas que l&#8217;interessat s&#8217;hagi donat d&#8217;alta com a usuari per poder accedir, consultar, modificar o cancel\u00b7lar des del web l&#8217;estat de &#8220;les meves reserves&#8221;, la base legal per al tractament de les dades \u00e9s la relaci\u00f3 contractual o precontractual existent entre les parts i permetre l&#8217;acc\u00e9s a la informaci\u00f3 que consta a la p\u00e0gina web relativa a l&#8217;estat de la seva reserva, aix\u00ed com modificar les dades de la mateixa o cancel\u00b7lar-la, en el cas que s&#8217;hagi donat d&#8217;alta com a usuari, aix\u00ed com la seva acceptaci\u00f3 i consentiment lliure i expr\u00e9s per tractar les seves dades. Aquest tractament \u00e9s l\u00edcit en base al que estableix l&#8217;article 6.1 apartats a) i b) del RGPD. La negativa a facilitar les dades personals sol\u00b7licitades impossibilitar\u00e0 l&#8217;acc\u00e9s a aquesta informaci\u00f3 des del lloc web.    <\/li>\n<li>Publicitat de productes i serveis propis: En cas que l\u2019interessat hagi marcat la casella corresponent per acceptar rebre comunicacions comercials publicit\u00e0ries (newsletters), la base legal per enviar publicitat sobre productes i serveis \u00e9s el consentiment lliure i expr\u00e9s de l\u2019interessat, que pot retirar en qualsevol moment, sense que la retirada del consentiment per a aquesta finalitat condicioni l\u2019execuci\u00f3 del contracte de reserva d\u2019habitaci\u00f3, si \u00e9s el cas. Aquest tractament de dades personals es basa en all\u00f2 establert a l\u2019article 6.1 apartat a) del RGPD. La negativa a facilitar les dades personals sol\u00b7licitades impossibilitar\u00e0, per tant, la subscripci\u00f3 al newsletter o la recepci\u00f3 de comunicacions comercials amb informaci\u00f3 sobre els nostres productes o serveis. T\u2019informem que tens dret a retirar el teu consentiment per a aquest tractament en qualsevol moment, sense que aix\u00f2 afecti la licitud del tractament basat en el consentiment previ a la seva retirada. En cas que desitgis retirar el teu consentiment, consulta l\u2019apartat \u201cDrets de les persones interessades\u201d.    <\/li>\n<li>Finalitzaci\u00f3 de reserves inacabades: La legitimaci\u00f3 per tractar les dades en aquest sup\u00f2sit \u00e9s l&#8217;acceptaci\u00f3 i consentiment expr\u00e9s per part del propi interessat d&#8217;aquest tractament perqu\u00e8 l&#8217;empresa pugui posar-se en contacte amb l&#8217;interessat davant la possibilitat que s&#8217;hagi produ\u00eft algun incident t\u00e8cnic en el moment de realitzar la reserva o contractaci\u00f3. Aquest tractament de dades personals es basa en el que estableix l&#8217;article 6.1 apartat a) del RGPD. La negativa a facilitar les dades personals sol\u00b7licitades per a la reserva impossibilitar\u00e0, per tant, la realitzaci\u00f3 i conclusi\u00f3 del contracte o de la reserva sol\u00b7licitades.  <\/li>\n<li>Comunicar canvis en la pol\u00edtica de privacitat: La legitimaci\u00f3 per tractar les dades personals en aquest sup\u00f2sit es basa en la conveni\u00e8ncia de comunicar als interessats els canvis que puguin produir-se en la pol\u00edtica de privacitat de l&#8217;empresa, aix\u00ed com en la seva lliure acceptaci\u00f3 i consentiment per a aquest tractament, en base del que estableix l&#8217;article 6.1 apartats a) i b) del RGPD.  <\/li>\n<li>Estad\u00edstiques: La legitimaci\u00f3 per tractar dades per realitzar estudis de mercat i estad\u00edstiques dels nostres productes i serveis, sense que en cap cas es prenguin decisions de manera automatitzada amb efectes jur\u00eddics per a l&#8217;interessat, es troba la lliure acceptaci\u00f3 i consentiment de l&#8217;interessat per a aquest tractament, en base del que estableix l&#8217;article 6.1 apartats a) del RGPD. T&#8217;informem que t\u00e9 dret a retirar el seu consentiment per a aquest tractament en qualsevol moment, sense que aix\u00f2 afecti la licitud del tractament basat en el consentiment previ a la seva retirada. En cas que desitgi retirar el seu consentiment, consulti l&#8217;apartat &#8220;Dret de les persones interessades&#8221;.  <\/li>\n<\/ul>\n<h3><strong>Destinataris de cessions o transfer\u00e8ncies de dades:<\/strong><\/h3>\n<p>Les dades personals es comunicaran a altres empreses del grup empresarial per a finalitats vinculades al tractament de les dades personals dels clients o usuaris.<\/p>\n<p>Per al millor compliment dels serveis que ens has sol\u00b7licitat, facilitem determinades dades a encarregats del tractament amb els quals tenim subscrits els corresponents contractes en mat\u00e8ria de protecci\u00f3 de dades. En aquests casos, les dades que es faciliten s\u00f3n nom\u00e9s les estrictament necess\u00e0ries per a l&#8217;activitat concreta que es vagi a realitzar. A t\u00edtol merament exemplificatiu s&#8217;enuncien els serveis que es poden contractar a encarregats de tractament: prove\u00efdors de serveis inform\u00e0tics, empreses de seguretat, assessorament fiscal, jur\u00eddic o legal, etc. La relaci\u00f3 anterior es facilita a t\u00edtol d&#8217;exemple, podent l&#8217;empresa utilitzar serveis d&#8217;empreses pertanyents a altres sectors d&#8217;activitat per poder prestar-te serveis de qualitat. Fora d&#8217;aquests casos, no s&#8217;ha previst cap cessi\u00f3 o comunicaci\u00f3 de dades ni dins ni fora de la UE.    <\/p>\n<p>Tamb\u00e9 es facilitar\u00e0 informaci\u00f3 a tercers en els sup\u00f2sits en qu\u00e8 aix\u00ed s&#8217;estableixi de manera imperativa per la normativa vigent o quan sigui requerit judicialment (administracions p\u00fabliques, jutjats i tribunals, forces i cossos de seguretat, ag\u00e8ncia tribut\u00e0ria, etc.).<\/p>\n<\/p>\n<h3><strong>Drets de les persones interessades:<\/strong><\/h3>\n<p>T&#8217;informem que en qualitat de persona interessada li corresponen els drets seg\u00fcents:<\/p>\n<ul>\n<li>Dret d&#8217;acc\u00e9s: qualsevol persona t\u00e9 dret a con\u00e8ixer i obtenir informaci\u00f3 sobre les dades de car\u00e0cter personal que tractem.<\/li>\n<li>Dret de rectificaci\u00f3: les persones interessades tenen dret a sol\u00b7licitar la rectificaci\u00f3, complementaci\u00f3 i\/o correcci\u00f3 de les dades inexactes, incorrectes o incompletes.<\/li>\n<li>Dret a supressi\u00f3 (tamb\u00e9 conegut com a &#8220;dret a l&#8217;oblit&#8221;): les persones interessades, si ho consideren oport\u00fa, tindran dret a sol\u00b7licitar la supressi\u00f3 de les dades personals que els concerneixen, entre altres motius, quan les dades ja no siguin necess\u00e0ries per a les finalitats per a les quals es van recollir.<\/li>\n<li>Dret de cancel\u00b7laci\u00f3: els interessats poden sol\u00b7licitar la cancel\u00b7laci\u00f3 de les seves dades.<\/li>\n<li>Dret d&#8217;oposici\u00f3: els interessats poden oposar-se al tractament de les seves dades amb finalitats de m\u00e0rqueting, inclosa l&#8217;elaboraci\u00f3 de perfils, i en la resta dels sup\u00f2sits establerts a l&#8217;article 21 del RGPD. En cas que ho demani, l&#8217;empresa deixar\u00e0 de tractar les dades, excepte per motius leg\u00edtims imperiosos o per exercir o defensar possibles reclamacions. <\/li>\n<li>Dret de limitaci\u00f3 en el tractament: en determinades circumst\u00e0ncies previstes a l&#8217;article 18 RGPD els interessats poden demanar la limitaci\u00f3 del tractament de les seves dades. En aquest cas, \u00fanicament els conservarem per exercir o defensar reclamacions. En concret, t\u00e9 dret a limitar el tractament en els sup\u00f2sits en qu\u00e8:  <\/li>\n<li>L&#8217;interessat impugni l&#8217;exactitud de les dades personals, durant un termini que al responsable verificar-ne l&#8217;exactitud.<\/li>\n<li>El tractament sigui il\u00b7l\u00edcit i l&#8217;interessat s&#8217;oposi a la supressi\u00f3 de les dades personals i sol\u00b7liciti en el seu lloc la limitaci\u00f3 del seu \u00fas.<\/li>\n<li>El responsable ja no necessiti les dades personals per a les finalitats del tractament, per\u00f2 l&#8217;interessat les necessiti per a la formulaci\u00f3, l&#8217;exercici o la defensa de reclamacions.<\/li>\n<li>L&#8217;interessat s&#8217;hagi oposat al tractament per motius relacionats amb la seva situaci\u00f3 particular al fet que les seves dades personals siguin objecte d&#8217;un tractament basat en el compliment d&#8217;una missi\u00f3 realitzada en inter\u00e8s p\u00fablic o en l&#8217;exercici de poders p\u00fablics conferits al responsable del tractament; i\/o el tractament sigui necessari per a la satisfacci\u00f3 d&#8217;interessos leg\u00edtims perseguits pel responsable del tractament o per un tercer, mentre es verifica si els motius leg\u00edtims del responsable prevalen sobre els de l&#8217;interessat.<\/li>\n<li>Dret a la portabilitat de les dades: els interessats tenen dret a obtenir les seves dades personals en un format estructurat d&#8217;\u00fas com\u00fa i lectura mec\u00e0nica, amb la finalitat que es puguin transmetre a un altre responsable, en els termes de l&#8217;article 20 del RGPD.<\/li>\n<li>Dret a no ser objecte de decisions individuals automatitzades: els interessats tenen dret a no ser objecte d&#8217;una decisi\u00f3 basada en el tractament automatitzat de les seves dades que produeixi efectes jur\u00eddics.<\/li>\n<li>Dret a retirar el consentiment prestat: els interessats tenen dret a retirar el consentiment prestat en qualsevol moment. La retirada del consentiment no afectar\u00e0 la licitud del tractament efectuat abans de la retirada del mateix. <\/li>\n<\/ul>\n<p>Per retirar el teu consentiment respecte a la remissi\u00f3 de comunicacions comercials dels nostres productes i serveis, consulta l&#8217;apartat &#8220;Com pots exercir els teus drets?&#8221;. Tamb\u00e9 podr\u00e0s donar-te de baixa directament cada vegada que rebes una comunicaci\u00f3 comercial per correu electr\u00f2nic. <\/p>\n<p>Els interessats poden obtenir informaci\u00f3 addicional sobre els teus drets a la p\u00e0gina web de l<a href=\"https:\/\/www.aepd.es\/es\">&#8216;Ag\u00e8ncia Espanyola de Protecci\u00f3 de dades<\/a> o a la de l&#8217;<a href=\"https:\/\/apdcat.gencat.cat\/es\/inici\/index.html\">Autoritat Catalana de Protecci\u00f3 de Dades<\/a>.<\/p>\n<\/p>\n<h3><strong>Com pots exercir els teus drets?<\/strong><\/h3>\n<p>Pots exercir els teus drets mitjan\u00e7ant un escrit rem\u00e8s a l&#8217;adre\u00e7a postal C\/ Central, 30, 17538 Alp, Girona, Espanya <a href=\"telf:(+34)972890016\">(+34) 972 89 00 16<\/a> o al correu electr\u00f2nic <a href=\"mailto:info@hoteljaume.com\">info@hoteljaume.com<\/a>, amb l&#8217;assumpte &#8220;Dades Personals&#8221; adjuntant una fotoc\u00f2pia del teu document d&#8217;identitat o qualsevol mitj\u00e0 an\u00e0leg establert en dret.<\/p>\n<\/p>\n<h3><strong>De quines vies de reclamaci\u00f3 disposes?<\/strong><\/h3>\n<p>Si consideres que els teus drets no han estat adequadament atesos, tens dret a presentar una reclamaci\u00f3 davant l&#8217;Ag\u00e8ncia Espanyola de Protecci\u00f3 de Dades o davant de qualsevol autoritat de control competent.<\/p>\n<\/p>\n<h3><strong>Informaci\u00f3 tractada:<\/strong><\/h3>\n<p><strong>Quines categories de dades personals tractem?<\/strong><\/p>\n<p>Procurem que la informaci\u00f3 que demanem sigui la m\u00ednima i necess\u00e0ria per a la gesti\u00f3 de les finalitats que consten en aquesta Pol\u00edtica de Protecci\u00f3 de Dades i de Privacitat.<\/p>\n<p>La nostra empresa pot tractar les seg\u00fcents categories de dades personals:<\/p>\n<ul>\n<li>Dades identificatives: nom i cognoms, n\u00famero d&#8217;identificaci\u00f3, pa\u00eds, etc.<\/li>\n<li>Adreces postals o electr\u00f2niques i n\u00famero de tel\u00e8fon.<\/li>\n<li>Informaci\u00f3 economicofinancera, per a la gesti\u00f3 de la reserva i posterior facturaci\u00f3 i cobrament del servei demanat.<\/li>\n<li>Dades relatives als productes i serveis contractats (hotels reservats, freq\u00fc\u00e8ncia, durada de l&#8217;estada, hotels reservats amb anterioritat, etc).<\/li>\n<li>Codis o claus d&#8217;identificaci\u00f3, en el cas que s&#8217;hagi donat d&#8217;alta com a usuari en l&#8217;apartat del web &#8220;Les meves reserves&#8221; o en el &#8220;Club&#8221;.<\/li>\n<li>Dades acad\u00e8miques i Informaci\u00f3 laboral, en el cas que hagi decidit inscriure&#8217;s a una oferta de treball o remetre&#8217;ns el seu curriculum vitae.<\/li>\n<li>Dades de navegaci\u00f3 al lloc web. Per ampliar informaci\u00f3, consulteu l&#8217;apartat sobre Cookies o galetes inform\u00e0tiques. <\/li>\n<\/ul>\n<p>No es tracten dades especialment protegides o categories especials de dades.<\/p>\n<p>Les categories d&#8217;interessats de les quals tractem les teves dades personals a priori s\u00f3n les persones interessades en els productes i serveis de la nostra empresa, aix\u00ed com en la contractaci\u00f3 o reserves dels mateixos. Tamb\u00e9 es consideraran interessats a les persones que es donin d&#8217;alta a la borsa de treball o remetin el seu curriculum vitae. <\/p>\n<p>Tu garanteixes que les dades personals que has facilitat s\u00f3n veraces i et fas responsable de comunicar a l&#8217;empresa qualsevol modificaci\u00f3 o error en els mateixos, responent per tant de la veracitat i exactitud de les dades subministrades en cada moment.<\/p>\n<p>En cas que pretenguis comunicar dades personals de tercers, pr\u00e8viament has d&#8217;haver informat i obtingut el consentiment del mateix, d&#8217;acord amb la nostra Pol\u00edtica de Protecci\u00f3 de Dades i de Privacitat. \u00c9s per aix\u00f2 que, en cas que hagis introdu\u00eft dades personals d&#8217;un tercer, declares i garanteixes que comptes amb el consentiment del tercer per a la comunicaci\u00f3 de les seves dades i posterior tractament dels mateixos per part de la nostra empresa, aix\u00ed com que has informat pr\u00e8viament al tercer les dades del qual facilitis del contingut de la present Pol\u00edtica de Protecci\u00f3 de Dades i de Privacitat. <\/p>\n<\/p>\n<h3><strong>Dades personals que recopilem de forma autom\u00e0tica:<\/strong><\/h3>\n<p>Quan visites les nostres p\u00e0gines web recopilem certa informaci\u00f3 autom\u00e0ticament, fins i tot si al final no realitzes cap reserva o contractaci\u00f3. Aquesta informaci\u00f3 pot incloure l&#8217;adre\u00e7a IP, la data i l&#8217;hora en qu\u00e8 has accedit als nostres serveis, informaci\u00f3 sobre el maquinari, el programari o el navegador d&#8217;internet que utilitzes, l&#8217;idioma seleccionat, entre d&#8217;altres. <\/p>\n<p>Aquesta informaci\u00f3 permet millorar els serveis i l&#8217;experi\u00e8ncia en el lloc web, identificar possibles usos fraudulents i possibles atacs a la seguretat del lloc web, aix\u00ed com realitzar estad\u00edstiques sobre l&#8217;\u00fas i efic\u00e0cia de la p\u00e0gina web. Llevat que es detecti un \u00fas fraudulent o contra la seguretat del lloc web, aquestes dades no es conservaran. En cap cas es prendran decisions automatitzades amb efectes jur\u00eddics per a tu en base a aquesta informaci\u00f3.  <\/p>\n<p>Per ampliar informaci\u00f3, consulteu l&#8217;apartat sobre Cookies o galetes inform\u00e0tiques.<\/p>\n<\/p>\n<h3><strong>Tramesa de comunicacions:<\/strong><\/h3>\n<p>Sempre que realitzis una reserva o contractis un servei o producte, t&#8217;enviarem un correu electr\u00f2nic en el qual et comunicarem la confirmaci\u00f3 de reserva o contractaci\u00f3, amb informaci\u00f3 de la mateixa. Aix\u00ed mateix, podrem posar-nos en contacte amb la informaci\u00f3 per informar-te de qualsevol modificaci\u00f3 o novetat relacionada amb aquesta. <\/p>\n<p>D&#8217;altra banda, l&#8217;empresa podr\u00e0 enviar-te comunicacions comercials relacionades amb els productes o serveis que ofereix sempre que hagis consentit de manera expressa i espec\u00edfica mitjan\u00e7ant la validaci\u00f3 de la casella habilitada a l&#8217;efecte o mitjan\u00e7ant qualsevol manifestaci\u00f3 de consentiment expr\u00e9s en aquest sentit.<\/p>\n<p>Podr\u00e0s retirar el teu consentiment per rebre qualsevol tipus de comunicaci\u00f3 comercial en qualsevol moment enviant una comunicaci\u00f3 en els termes recollits en l&#8217;apartat &#8220;Dret de les persones interessades&#8221;. Aix\u00ed mateix, aquesta possibilitat tamb\u00e9 et ser\u00e0 oferta en cada comunicaci\u00f3 comercial que rebis via correu electr\u00f2nic o SMS. <\/p>\n<\/p>\n<h3><strong>Comunicaci\u00f3 de dades per part de menors d&#8217;edat:<\/strong><\/h3>\n<p>Els serveis oferts a trav\u00e9s del lloc web nom\u00e9s estan disponibles per a majors d&#8217;edat. Per tant, aquells que no compleixin amb aquesta condici\u00f3 hauran d&#8217;abstenir-se de subministrar informaci\u00f3 personal al lloc web. <\/p>\n<\/p>\n<h3><strong>Links a p\u00e0gines web de tercers:<\/strong><\/h3>\n<p>La nostra p\u00e0gina web pot contenir enlla\u00e7os a p\u00e0gines web de companyies i entitats de tercers. At\u00e8s que no podem fer-nos responsables de la forma en qu\u00e8 aquestes companyies tracten la protecci\u00f3 de la privacitat i de les dades personals dels seus usuaris, t&#8217;aconsellem que llegeixis detingudament les declaracions de pol\u00edtica de privacitat d&#8217;aquestes p\u00e0gines web que no s\u00f3n propietat de l&#8217;empresa amb relaci\u00f3 a l&#8217;\u00fas, processament i protecci\u00f3 de dades personals. <\/p>\n<\/p>\n<h3><strong>Mitjans de comunicaci\u00f3 social:<\/strong><\/h3>\n<p>La nostra empresa utilitza les xarxes socials per donar a con\u00e8ixer els seus serveis i productes i compartir informaci\u00f3 i experi\u00e8ncies amb els seus usuaris i seguidors.<\/p>\n<p>At\u00e8s que no podem fer-nos responsables de la forma en qu\u00e8 aquestes companyies tracten la protecci\u00f3 de la privacitat i de les dades personals, i que cadascuna d&#8217;elles t\u00e9 la seva pr\u00f2pia pol\u00edtica en la mat\u00e8ria, t&#8217;aconsellem que llegeixis detingudament les declaracions de pol\u00edtica de privacitat de cada xarxa social respecte al tractament que realitzen amb les dades personals dels seus usuaris, abans de fer-les servir.<\/p>\n<\/p>\n<h3><strong>Modificacions en la pol\u00edtica de privacitat:<\/strong><\/h3>\n<p>L&#8217;empresa es reserva el dret de modificar la present Pol\u00edtica de Protecci\u00f3 de Dades i de Privacitat d&#8217;acord amb els tractaments de dades que realitzi i amb la legislaci\u00f3 aplicable en cada moment, del que informar\u00e0 degudament al lloc web, per la qual cosa et recomana que la revisis peri\u00f2dicament per estar informat de com l&#8217;empresa tracta i protegeix les teves dades personals.<\/p>\n<\/p>\n<h3><strong>Preguntes i dubtes:<\/strong><\/h3>\n<p>Si tens algun dubte o pregunta sobre aquesta pol\u00edtica de privacitat, preguem que et posis en contacte amb nosaltres enviant un correu electr\u00f2nic a (<a href=\"mailto:info@hoteljaume.com\">info@hoteljaume.com<\/a>) amb l&#8217;assumpte &#8220;Pol\u00edtica Privacitat&#8221;.<\/p>\n\t\t\t\t\t\t<\/div>\n\t\t\t\t<\/div>\n\t\t\t\t\t<\/div>\n\t\t\t\t<\/div>\n\t\t\t\t\t<\/div>\n\t\t\t\t<\/div>\n\t\t\t\t<\/div>\n\t\t","protected":false},"excerpt":{"rendered":"<p>Pol\u00edtica de privacitat Home Pol\u00edtica de privacitat TEXTOS LEGALS Pol\u00edtica de privacitat de l&#8217;Hotel Jaume Pol\u00edtica de privacitat En compliment de la normativa vigent en mat\u00e8ria de protecci\u00f3 de dades, Reglament (UE) 2016\/679 del Parlament Europeu i del Consell de 27 d&#8217;abril de 2016, conegut com a Reglament General de Protecci\u00f3 de Dades (RGPD o [&hellip;]<\/p>\n","protected":false},"author":4,"featured_media":0,"parent":0,"menu_order":87,"comment_status":"closed","ping_status":"closed","template":"","meta":{"footnotes":""},"class_list":["post-5353","page","type-page","status-publish","hentry"],"yoast_head":"<!-- This site is optimized with the Yoast SEO Premium plugin v22.8 (Yoast SEO v22.8) - https:\/\/yoast.com\/wordpress\/plugins\/seo\/ -->\n<title>Pol\u00edtica de privacitat de l&#039;Hotel Jaume - Alp, la Cerdanya<\/title>\n<meta name=\"description\" content=\"Consulta la pol\u00edtica de privacitat del web de l&#039;Hotel Jaume i reserva el teu hotel de muntanya al centre d&#039;Alp, al Pirineu de Girona.\" \/>\n<meta name=\"robots\" content=\"noindex, follow\" \/>\n<meta property=\"og:locale\" content=\"ca_ES\" \/>\n<meta property=\"og:type\" content=\"article\" \/>\n<meta property=\"og:title\" content=\"Pol\u00edtica de privacitat\" \/>\n<meta property=\"og:description\" content=\"Consulta la pol\u00edtica de privacitat del web de l&#039;Hotel Jaume i reserva el teu hotel de muntanya al centre d&#039;Alp, al Pirineu de Girona.\" \/>\n<meta property=\"og:url\" content=\"https:\/\/www.hoteljaume.com\/ca\/politica-de-privacitat\/\" \/>\n<meta property=\"og:site_name\" content=\"Hotel Jaume\" \/>\n<meta property=\"article:modified_time\" content=\"2025-01-07T11:55:22+00:00\" \/>\n<meta property=\"og:image\" content=\"https:\/\/www.hoteljaume.com\/wp-content\/uploads\/2024\/11\/habitacion-suite-atico-hotel-jaume-alp-pirineo-girona-2-scaled.jpg\" \/>\n\t<meta property=\"og:image:width\" content=\"2560\" \/>\n\t<meta property=\"og:image:height\" content=\"1707\" \/>\n\t<meta property=\"og:image:type\" content=\"image\/jpeg\" \/>\n<meta name=\"twitter:card\" content=\"summary_large_image\" \/>\n<meta name=\"twitter:label1\" content=\"Temps estimat de lectura\" \/>\n\t<meta name=\"twitter:data1\" content=\"20 minuts\" \/>\n<script type=\"application\/ld+json\" class=\"yoast-schema-graph\">{\"@context\":\"https:\/\/schema.org\",\"@graph\":[{\"@type\":\"WebPage\",\"@id\":\"https:\/\/www.hoteljaume.com\/ca\/politica-de-privacitat\/\",\"url\":\"https:\/\/www.hoteljaume.com\/ca\/politica-de-privacitat\/\",\"name\":\"Pol\u00edtica de privacitat de l'Hotel Jaume - Alp, la Cerdanya\",\"isPartOf\":{\"@id\":\"https:\/\/www.hoteljaume.com\/ca\/#website\"},\"datePublished\":\"2024-03-07T09:36:45+00:00\",\"dateModified\":\"2025-01-07T11:55:22+00:00\",\"description\":\"Consulta la pol\u00edtica de privacitat del web de l'Hotel Jaume i reserva el teu hotel de muntanya al centre d'Alp, al Pirineu de Girona.\",\"breadcrumb\":{\"@id\":\"https:\/\/www.hoteljaume.com\/ca\/politica-de-privacitat\/#breadcrumb\"},\"inLanguage\":\"ca\",\"potentialAction\":[{\"@type\":\"ReadAction\",\"target\":[\"https:\/\/www.hoteljaume.com\/ca\/politica-de-privacitat\/\"]}]},{\"@type\":\"BreadcrumbList\",\"@id\":\"https:\/\/www.hoteljaume.com\/ca\/politica-de-privacitat\/#breadcrumb\",\"itemListElement\":[{\"@type\":\"ListItem\",\"position\":1,\"name\":\"Home\",\"item\":\"https:\/\/www.hoteljaume.com\/ca\/inici\/\"},{\"@type\":\"ListItem\",\"position\":2,\"name\":\"Pol\u00edtica de privacitat\"}]},{\"@type\":\"WebSite\",\"@id\":\"https:\/\/www.hoteljaume.com\/ca\/#website\",\"url\":\"https:\/\/www.hoteljaume.com\/ca\/\",\"name\":\"Hotel Jaume\",\"description\":\"\",\"publisher\":{\"@id\":\"https:\/\/www.hoteljaume.com\/ca\/#organization\"},\"potentialAction\":[{\"@type\":\"SearchAction\",\"target\":{\"@type\":\"EntryPoint\",\"urlTemplate\":\"https:\/\/www.hoteljaume.com\/ca\/?s={search_term_string}\"},\"query-input\":\"required name=search_term_string\"}],\"inLanguage\":\"ca\"},{\"@type\":\"Organization\",\"@id\":\"https:\/\/www.hoteljaume.com\/ca\/#organization\",\"name\":\"Hotel Jaume\",\"url\":\"https:\/\/www.hoteljaume.com\/ca\/\",\"logo\":{\"@type\":\"ImageObject\",\"inLanguage\":\"ca\",\"@id\":\"https:\/\/www.hoteljaume.com\/ca\/#\/schema\/logo\/image\/\",\"url\":\"https:\/\/www.hoteljaume.com\/wp-content\/uploads\/2024\/02\/logo_Hotel-Jaume_V1.svg\",\"contentUrl\":\"https:\/\/www.hoteljaume.com\/wp-content\/uploads\/2024\/02\/logo_Hotel-Jaume_V1.svg\",\"width\":588,\"height\":163,\"caption\":\"Hotel Jaume\"},\"image\":{\"@id\":\"https:\/\/www.hoteljaume.com\/ca\/#\/schema\/logo\/image\/\"}}]}<\/script>\n<!-- \/ Yoast SEO Premium plugin. -->","yoast_head_json":{"title":"Pol\u00edtica de privacitat de l'Hotel Jaume - Alp, la Cerdanya","description":"Consulta la pol\u00edtica de privacitat del web de l'Hotel Jaume i reserva el teu hotel de muntanya al centre d'Alp, al Pirineu de Girona.","robots":{"index":"noindex","follow":"follow"},"og_locale":"ca_ES","og_type":"article","og_title":"Pol\u00edtica de privacitat","og_description":"Consulta la pol\u00edtica de privacitat del web de l'Hotel Jaume i reserva el teu hotel de muntanya al centre d'Alp, al Pirineu de Girona.","og_url":"https:\/\/www.hoteljaume.com\/ca\/politica-de-privacitat\/","og_site_name":"Hotel Jaume","article_modified_time":"2025-01-07T11:55:22+00:00","og_image":[{"width":2560,"height":1707,"url":"https:\/\/www.hoteljaume.com\/wp-content\/uploads\/2024\/11\/habitacion-suite-atico-hotel-jaume-alp-pirineo-girona-2-scaled.jpg","type":"image\/jpeg"}],"twitter_card":"summary_large_image","twitter_misc":{"Temps estimat de lectura":"20 minuts"},"schema":{"@context":"https:\/\/schema.org","@graph":[{"@type":"WebPage","@id":"https:\/\/www.hoteljaume.com\/ca\/politica-de-privacitat\/","url":"https:\/\/www.hoteljaume.com\/ca\/politica-de-privacitat\/","name":"Pol\u00edtica de privacitat de l'Hotel Jaume - Alp, la Cerdanya","isPartOf":{"@id":"https:\/\/www.hoteljaume.com\/ca\/#website"},"datePublished":"2024-03-07T09:36:45+00:00","dateModified":"2025-01-07T11:55:22+00:00","description":"Consulta la pol\u00edtica de privacitat del web de l'Hotel Jaume i reserva el teu hotel de muntanya al centre d'Alp, al Pirineu de Girona.","breadcrumb":{"@id":"https:\/\/www.hoteljaume.com\/ca\/politica-de-privacitat\/#breadcrumb"},"inLanguage":"ca","potentialAction":[{"@type":"ReadAction","target":["https:\/\/www.hoteljaume.com\/ca\/politica-de-privacitat\/"]}]},{"@type":"BreadcrumbList","@id":"https:\/\/www.hoteljaume.com\/ca\/politica-de-privacitat\/#breadcrumb","itemListElement":[{"@type":"ListItem","position":1,"name":"Home","item":"https:\/\/www.hoteljaume.com\/ca\/inici\/"},{"@type":"ListItem","position":2,"name":"Pol\u00edtica de privacitat"}]},{"@type":"WebSite","@id":"https:\/\/www.hoteljaume.com\/ca\/#website","url":"https:\/\/www.hoteljaume.com\/ca\/","name":"Hotel Jaume","description":"","publisher":{"@id":"https:\/\/www.hoteljaume.com\/ca\/#organization"},"potentialAction":[{"@type":"SearchAction","target":{"@type":"EntryPoint","urlTemplate":"https:\/\/www.hoteljaume.com\/ca\/?s={search_term_string}"},"query-input":"required name=search_term_string"}],"inLanguage":"ca"},{"@type":"Organization","@id":"https:\/\/www.hoteljaume.com\/ca\/#organization","name":"Hotel Jaume","url":"https:\/\/www.hoteljaume.com\/ca\/","logo":{"@type":"ImageObject","inLanguage":"ca","@id":"https:\/\/www.hoteljaume.com\/ca\/#\/schema\/logo\/image\/","url":"https:\/\/www.hoteljaume.com\/wp-content\/uploads\/2024\/02\/logo_Hotel-Jaume_V1.svg","contentUrl":"https:\/\/www.hoteljaume.com\/wp-content\/uploads\/2024\/02\/logo_Hotel-Jaume_V1.svg","width":588,"height":163,"caption":"Hotel Jaume"},"image":{"@id":"https:\/\/www.hoteljaume.com\/ca\/#\/schema\/logo\/image\/"}}]}},"_links":{"self":[{"href":"https:\/\/www.hoteljaume.com\/ca\/wp-json\/wp\/v2\/pages\/5353","targetHints":{"allow":["GET"]}}],"collection":[{"href":"https:\/\/www.hoteljaume.com\/ca\/wp-json\/wp\/v2\/pages"}],"about":[{"href":"https:\/\/www.hoteljaume.com\/ca\/wp-json\/wp\/v2\/types\/page"}],"author":[{"embeddable":true,"href":"https:\/\/www.hoteljaume.com\/ca\/wp-json\/wp\/v2\/users\/4"}],"replies":[{"embeddable":true,"href":"https:\/\/www.hoteljaume.com\/ca\/wp-json\/wp\/v2\/comments?post=5353"}],"version-history":[{"count":9,"href":"https:\/\/www.hoteljaume.com\/ca\/wp-json\/wp\/v2\/pages\/5353\/revisions"}],"predecessor-version":[{"id":5788,"href":"https:\/\/www.hoteljaume.com\/ca\/wp-json\/wp\/v2\/pages\/5353\/revisions\/5788"}],"wp:attachment":[{"href":"https:\/\/www.hoteljaume.com\/ca\/wp-json\/wp\/v2\/media?parent=5353"}],"curies":[{"name":"wp","href":"https:\/\/api.w.org\/{rel}","templated":true}]}}