{"id":5337,"date":"2024-05-21T13:44:49","date_gmt":"2024-05-21T11:44:49","guid":{"rendered":"https:\/\/dev-hoteljaume.gnahs.com\/que-fer-a-alp-cerdanya\/activitats-dhivern\/"},"modified":"2025-01-07T13:14:27","modified_gmt":"2025-01-07T12:14:27","slug":"activitats-dhivern","status":"publish","type":"page","link":"https:\/\/www.hoteljaume.com\/ca\/que-fer-a-alp-cerdanya\/activitats-dhivern\/","title":{"rendered":"Activitats d&#8217;hivern"},"content":{"rendered":"\t\t<div data-elementor-type=\"wp-page\" data-elementor-id=\"5337\" class=\"elementor elementor-5337 elementor-3064\" data-elementor-post-type=\"page\">\n\t\t\t\t<div class=\"elementor-element elementor-element-22ca71a3 e-flex e-con-boxed e-con e-parent\" data-id=\"22ca71a3\" data-element_type=\"container\">\n\t\t\t\t\t<div class=\"e-con-inner\">\n\t\t\t\t<div class=\"elementor-element elementor-element-cc5d5eb elementor-widget elementor-widget-text-editor\" data-id=\"cc5d5eb\" data-element_type=\"widget\" data-widget_type=\"text-editor.default\">\n\t\t\t\t<div class=\"elementor-widget-container\">\n\t\t\t<style>\/*! elementor - v3.21.0 - 26-05-2024 *\/\n.elementor-widget-text-editor.elementor-drop-cap-view-stacked .elementor-drop-cap{background-color:#69727d;color:#fff}.elementor-widget-text-editor.elementor-drop-cap-view-framed .elementor-drop-cap{color:#69727d;border:3px solid;background-color:transparent}.elementor-widget-text-editor:not(.elementor-drop-cap-view-default) .elementor-drop-cap{margin-top:8px}.elementor-widget-text-editor:not(.elementor-drop-cap-view-default) .elementor-drop-cap-letter{width:1em;height:1em}.elementor-widget-text-editor .elementor-drop-cap{float:left;text-align:center;line-height:1;font-size:50px}.elementor-widget-text-editor .elementor-drop-cap-letter{display:inline-block}<\/style>\t\t\t\t<h2><b>Gaudeix de l&#8217;hivern a la Cerdanya des de l&#8217;Hotel Jaume<\/b><\/h2>\n<p data-sourcepos=\"5:1-5:256\">Al cor de la <strong>Cerdanya<\/strong> es troba <strong>Alp<\/strong>, un pintoresc poble que es transforma en un parad\u00eds hivernal. La seva proximitat a les estacions d&#8217;esqu\u00ed i el seu encant natural el converteixen en la destinaci\u00f3 perfecta per als amants de la neu i l&#8217;aventura.<\/p>\n<h3 data-sourcepos=\"7:1-7:64\"><strong>Neu, muntanya i diversi\u00f3<\/strong><\/h3>\n<p><strong>Alp<\/strong> \u00e9s el punt de partida perfecte per gaudir de la neu als <strong>Pirineus<\/strong>. Des d&#8217;aqu\u00ed, podr\u00e0s accedir a dues de les <strong>estacions d&#8217;esqu\u00ed <\/strong>m\u00e9s importants de Catalunya: <strong>La Molina<\/strong> i <strong>Masella<\/strong>. Aquest conjunt, conegut com Alp 2500, ofereix quil\u00f2metres de pistes per a tots els nivells, des de principiants fins a experts. Tant si busques descensos emocionants com si prefereixes gaudir de la tranquil\u00b7litat dels boscos nevats, a Alp trobar\u00e0s l&#8217;experi\u00e8ncia d&#8217;esqu\u00ed que est\u00e0s buscant. A m\u00e9s, la connexi\u00f3 entre ambdues estacions et permetr\u00e0 explorar una gran varietat de terrenys i panor\u00e0miques.<\/p>\n<ul data-sourcepos=\"3:1-7:0\">\n<li data-sourcepos=\"3:1-3:201\"><strong>Esqu\u00ed:<\/strong> Gaudeix de pistes per a tots els nivells, des de principiants que fan els seus primers passos fins a experts que busquen la m\u00e0xima velocitat i adrenalina.\n<\/li>\n<\/ul>\n<ul data-sourcepos=\"3:1-7:0\">\n<li data-sourcepos=\"4:1-4:182\"><strong>Snowboard:<\/strong> Domina la taula i realitza els teus millors trucs als diferents m\u00f2duls i salts dels snowparks, o simplement gaudeix de la llibertat de baixar per les pistes.\n<\/li>\n<\/ul>\n<ul data-sourcepos=\"3:1-7:0\">\n<li data-sourcepos=\"5:1-5:167\"><strong>Raquetes de neu:<\/strong> Endinsa&#8217;t a la natura i explora boscos nevats.\n<\/li>\n<\/ul>\n<ul data-sourcepos=\"3:1-7:0\">\n<li data-sourcepos=\"6:1-7:0\"><strong>Passeigs en telecabina:<\/strong> Ascendeix c\u00f2modament a la muntanya i gaudeix d&#8217;unes vistes panor\u00e0miques impressionants dels Pirineus, contemplant la immensitat dels paisatges nevats.\n<\/li>\n<\/ul>\n<p>Despr\u00e9s d&#8217;un dia ple d&#8217;aventures a la neu, l&#8217;<strong>Hotel Jaume<\/strong> t&#8217;espera amb la seva c\u00e0lida hospitalitat perqu\u00e8 la teva estada a <strong>Alp<\/strong> sigui inoblidable. Ja sigui per desconnectar al costat de la llar de foc o per planificar la teva pr\u00f2xima jornada a la muntanya, aqu\u00ed trobar\u00e0s el refugi perfecte per gaudir al m\u00e0xim de l&#8217;hivern a la Cerdanya.<\/p>\n<p><img fetchpriority=\"high\" decoding=\"async\" class=\"aligncenter wp-image-4878 size-full\" src=\"https:\/\/www.hoteljaume.com\/wp-content\/uploads\/2024\/11\/actividades-de-invierno-trineo-hotel-jaume-alp-girona-espana-scaled.jpg\" alt=\"\" width=\"2560\" height=\"1615\" srcset=\"https:\/\/www.hoteljaume.com\/wp-content\/uploads\/2024\/11\/actividades-de-invierno-trineo-hotel-jaume-alp-girona-espana-scaled.jpg 2560w, https:\/\/www.hoteljaume.com\/wp-content\/uploads\/2024\/11\/actividades-de-invierno-trineo-hotel-jaume-alp-girona-espana-300x189.jpg 300w, https:\/\/www.hoteljaume.com\/wp-content\/uploads\/2024\/11\/actividades-de-invierno-trineo-hotel-jaume-alp-girona-espana-1024x646.jpg 1024w, https:\/\/www.hoteljaume.com\/wp-content\/uploads\/2024\/11\/actividades-de-invierno-trineo-hotel-jaume-alp-girona-espana-768x484.jpg 768w, https:\/\/www.hoteljaume.com\/wp-content\/uploads\/2024\/11\/actividades-de-invierno-trineo-hotel-jaume-alp-girona-espana-1536x969.jpg 1536w, https:\/\/www.hoteljaume.com\/wp-content\/uploads\/2024\/11\/actividades-de-invierno-trineo-hotel-jaume-alp-girona-espana-2048x1292.jpg 2048w\" sizes=\"(max-width: 2560px) 100vw, 2560px\" \/><\/p>\n\t\t\t\t\t\t<\/div>\n\t\t\t\t<\/div>\n\t\t\t\t\t<\/div>\n\t\t\t\t<\/div>\n\t\t\t\t<\/div>\n\t\t","protected":false},"excerpt":{"rendered":"<p>Gaudeix de l&#8217;hivern a la Cerdanya des de l&#8217;Hotel Jaume Al cor de la Cerdanya es troba Alp, un pintoresc poble que es transforma en un parad\u00eds hivernal. La seva proximitat a les estacions d&#8217;esqu\u00ed i el seu encant natural el converteixen en la destinaci\u00f3 perfecta per als amants de la neu i l&#8217;aventura. Neu, [&hellip;]<\/p>\n","protected":false},"author":4,"featured_media":4869,"parent":5139,"menu_order":3,"comment_status":"closed","ping_status":"closed","template":"","meta":{"footnotes":""},"class_list":["post-5337","page","type-page","status-publish","has-post-thumbnail","hentry"],"yoast_head":"<!-- This site is optimized with the Yoast SEO Premium plugin v22.8 (Yoast SEO v22.8) - https:\/\/yoast.com\/wordpress\/plugins\/seo\/ -->\n<title>Activitats d&#039;hivern - Alp, la Cerdanya (Girona)<\/title>\n<meta name=\"description\" content=\"Activitats d&#039;hivern a Alp, la Cerdanya. Allotja&#039;t amb nosaltres a l&#039;Hotel Jaume i viu experi\u00e8ncies \u00faniques al Pirineu de Girona!\" \/>\n<meta name=\"robots\" content=\"index, follow, max-snippet:-1, max-image-preview:large, max-video-preview:-1\" \/>\n<link rel=\"canonical\" href=\"https:\/\/www.hoteljaume.com\/ca\/que-fer-a-alp-cerdanya\/activitats-dhivern\/\" \/>\n<meta property=\"og:locale\" content=\"ca_ES\" \/>\n<meta property=\"og:type\" content=\"article\" \/>\n<meta property=\"og:title\" content=\"Activitats d&#039;hivern\" \/>\n<meta property=\"og:description\" content=\"Activitats d&#039;hivern a Alp, la Cerdanya. Allotja&#039;t amb nosaltres a l&#039;Hotel Jaume i viu experi\u00e8ncies \u00faniques al Pirineu de Girona!\" \/>\n<meta property=\"og:url\" content=\"https:\/\/www.hoteljaume.com\/ca\/que-fer-a-alp-cerdanya\/activitats-dhivern\/\" \/>\n<meta property=\"og:site_name\" content=\"Hotel Jaume\" \/>\n<meta property=\"article:modified_time\" content=\"2025-01-07T12:14:27+00:00\" \/>\n<meta property=\"og:image\" content=\"https:\/\/www.hoteljaume.com\/wp-content\/uploads\/2024\/11\/actividades-invierno-esqui-hotel-jaume-alp-girona-scaled.jpg\" \/>\n\t<meta property=\"og:image:width\" content=\"2560\" \/>\n\t<meta property=\"og:image:height\" content=\"1359\" \/>\n\t<meta property=\"og:image:type\" content=\"image\/jpeg\" \/>\n<meta name=\"twitter:card\" content=\"summary_large_image\" \/>\n<meta name=\"twitter:label1\" content=\"Temps estimat de lectura\" \/>\n\t<meta name=\"twitter:data1\" content=\"2 minuts\" \/>\n<script type=\"application\/ld+json\" class=\"yoast-schema-graph\">{\"@context\":\"https:\/\/schema.org\",\"@graph\":[{\"@type\":\"WebPage\",\"@id\":\"https:\/\/www.hoteljaume.com\/ca\/que-fer-a-alp-cerdanya\/activitats-dhivern\/\",\"url\":\"https:\/\/www.hoteljaume.com\/ca\/que-fer-a-alp-cerdanya\/activitats-dhivern\/\",\"name\":\"Activitats d'hivern - Alp, la Cerdanya (Girona)\",\"isPartOf\":{\"@id\":\"https:\/\/www.hoteljaume.com\/ca\/#website\"},\"primaryImageOfPage\":{\"@id\":\"https:\/\/www.hoteljaume.com\/ca\/que-fer-a-alp-cerdanya\/activitats-dhivern\/#primaryimage\"},\"image\":{\"@id\":\"https:\/\/www.hoteljaume.com\/ca\/que-fer-a-alp-cerdanya\/activitats-dhivern\/#primaryimage\"},\"thumbnailUrl\":\"https:\/\/www.hoteljaume.com\/wp-content\/uploads\/2024\/11\/actividades-invierno-esqui-hotel-jaume-alp-girona-scaled.jpg\",\"datePublished\":\"2024-05-21T11:44:49+00:00\",\"dateModified\":\"2025-01-07T12:14:27+00:00\",\"description\":\"Activitats d'hivern a Alp, la Cerdanya. Allotja't amb nosaltres a l'Hotel Jaume i viu experi\u00e8ncies \u00faniques al Pirineu de Girona!\",\"breadcrumb\":{\"@id\":\"https:\/\/www.hoteljaume.com\/ca\/que-fer-a-alp-cerdanya\/activitats-dhivern\/#breadcrumb\"},\"inLanguage\":\"ca\",\"potentialAction\":[{\"@type\":\"ReadAction\",\"target\":[\"https:\/\/www.hoteljaume.com\/ca\/que-fer-a-alp-cerdanya\/activitats-dhivern\/\"]}]},{\"@type\":\"ImageObject\",\"inLanguage\":\"ca\",\"@id\":\"https:\/\/www.hoteljaume.com\/ca\/que-fer-a-alp-cerdanya\/activitats-dhivern\/#primaryimage\",\"url\":\"https:\/\/www.hoteljaume.com\/wp-content\/uploads\/2024\/11\/actividades-invierno-esqui-hotel-jaume-alp-girona-scaled.jpg\",\"contentUrl\":\"https:\/\/www.hoteljaume.com\/wp-content\/uploads\/2024\/11\/actividades-invierno-esqui-hotel-jaume-alp-girona-scaled.jpg\",\"width\":2560,\"height\":1359},{\"@type\":\"BreadcrumbList\",\"@id\":\"https:\/\/www.hoteljaume.com\/ca\/que-fer-a-alp-cerdanya\/activitats-dhivern\/#breadcrumb\",\"itemListElement\":[{\"@type\":\"ListItem\",\"position\":1,\"name\":\"Home\",\"item\":\"https:\/\/www.hoteljaume.com\/ca\/inici\/\"},{\"@type\":\"ListItem\",\"position\":2,\"name\":\"Alp\",\"item\":\"https:\/\/www.hoteljaume.com\/ca\/que-fer-a-alp-cerdanya\/\"},{\"@type\":\"ListItem\",\"position\":3,\"name\":\"Activitats d&#8217;hivern\"}]},{\"@type\":\"WebSite\",\"@id\":\"https:\/\/www.hoteljaume.com\/ca\/#website\",\"url\":\"https:\/\/www.hoteljaume.com\/ca\/\",\"name\":\"Hotel Jaume\",\"description\":\"\",\"publisher\":{\"@id\":\"https:\/\/www.hoteljaume.com\/ca\/#organization\"},\"potentialAction\":[{\"@type\":\"SearchAction\",\"target\":{\"@type\":\"EntryPoint\",\"urlTemplate\":\"https:\/\/www.hoteljaume.com\/ca\/?s={search_term_string}\"},\"query-input\":\"required name=search_term_string\"}],\"inLanguage\":\"ca\"},{\"@type\":\"Organization\",\"@id\":\"https:\/\/www.hoteljaume.com\/ca\/#organization\",\"name\":\"Hotel Jaume\",\"url\":\"https:\/\/www.hoteljaume.com\/ca\/\",\"logo\":{\"@type\":\"ImageObject\",\"inLanguage\":\"ca\",\"@id\":\"https:\/\/www.hoteljaume.com\/ca\/#\/schema\/logo\/image\/\",\"url\":\"https:\/\/www.hoteljaume.com\/wp-content\/uploads\/2024\/02\/logo_Hotel-Jaume_V1.svg\",\"contentUrl\":\"https:\/\/www.hoteljaume.com\/wp-content\/uploads\/2024\/02\/logo_Hotel-Jaume_V1.svg\",\"width\":588,\"height\":163,\"caption\":\"Hotel Jaume\"},\"image\":{\"@id\":\"https:\/\/www.hoteljaume.com\/ca\/#\/schema\/logo\/image\/\"}}]}<\/script>\n<!-- \/ Yoast SEO Premium plugin. -->","yoast_head_json":{"title":"Activitats d'hivern - Alp, la Cerdanya (Girona)","description":"Activitats d'hivern a Alp, la Cerdanya. Allotja't amb nosaltres a l'Hotel Jaume i viu experi\u00e8ncies \u00faniques al Pirineu de Girona!","robots":{"index":"index","follow":"follow","max-snippet":"max-snippet:-1","max-image-preview":"max-image-preview:large","max-video-preview":"max-video-preview:-1"},"canonical":"https:\/\/www.hoteljaume.com\/ca\/que-fer-a-alp-cerdanya\/activitats-dhivern\/","og_locale":"ca_ES","og_type":"article","og_title":"Activitats d'hivern","og_description":"Activitats d'hivern a Alp, la Cerdanya. Allotja't amb nosaltres a l'Hotel Jaume i viu experi\u00e8ncies \u00faniques al Pirineu de Girona!","og_url":"https:\/\/www.hoteljaume.com\/ca\/que-fer-a-alp-cerdanya\/activitats-dhivern\/","og_site_name":"Hotel Jaume","article_modified_time":"2025-01-07T12:14:27+00:00","og_image":[{"width":2560,"height":1359,"url":"https:\/\/www.hoteljaume.com\/wp-content\/uploads\/2024\/11\/actividades-invierno-esqui-hotel-jaume-alp-girona-scaled.jpg","type":"image\/jpeg"}],"twitter_card":"summary_large_image","twitter_misc":{"Temps estimat de lectura":"2 minuts"},"schema":{"@context":"https:\/\/schema.org","@graph":[{"@type":"WebPage","@id":"https:\/\/www.hoteljaume.com\/ca\/que-fer-a-alp-cerdanya\/activitats-dhivern\/","url":"https:\/\/www.hoteljaume.com\/ca\/que-fer-a-alp-cerdanya\/activitats-dhivern\/","name":"Activitats d'hivern - Alp, la Cerdanya (Girona)","isPartOf":{"@id":"https:\/\/www.hoteljaume.com\/ca\/#website"},"primaryImageOfPage":{"@id":"https:\/\/www.hoteljaume.com\/ca\/que-fer-a-alp-cerdanya\/activitats-dhivern\/#primaryimage"},"image":{"@id":"https:\/\/www.hoteljaume.com\/ca\/que-fer-a-alp-cerdanya\/activitats-dhivern\/#primaryimage"},"thumbnailUrl":"https:\/\/www.hoteljaume.com\/wp-content\/uploads\/2024\/11\/actividades-invierno-esqui-hotel-jaume-alp-girona-scaled.jpg","datePublished":"2024-05-21T11:44:49+00:00","dateModified":"2025-01-07T12:14:27+00:00","description":"Activitats d'hivern a Alp, la Cerdanya. Allotja't amb nosaltres a l'Hotel Jaume i viu experi\u00e8ncies \u00faniques al Pirineu de Girona!","breadcrumb":{"@id":"https:\/\/www.hoteljaume.com\/ca\/que-fer-a-alp-cerdanya\/activitats-dhivern\/#breadcrumb"},"inLanguage":"ca","potentialAction":[{"@type":"ReadAction","target":["https:\/\/www.hoteljaume.com\/ca\/que-fer-a-alp-cerdanya\/activitats-dhivern\/"]}]},{"@type":"ImageObject","inLanguage":"ca","@id":"https:\/\/www.hoteljaume.com\/ca\/que-fer-a-alp-cerdanya\/activitats-dhivern\/#primaryimage","url":"https:\/\/www.hoteljaume.com\/wp-content\/uploads\/2024\/11\/actividades-invierno-esqui-hotel-jaume-alp-girona-scaled.jpg","contentUrl":"https:\/\/www.hoteljaume.com\/wp-content\/uploads\/2024\/11\/actividades-invierno-esqui-hotel-jaume-alp-girona-scaled.jpg","width":2560,"height":1359},{"@type":"BreadcrumbList","@id":"https:\/\/www.hoteljaume.com\/ca\/que-fer-a-alp-cerdanya\/activitats-dhivern\/#breadcrumb","itemListElement":[{"@type":"ListItem","position":1,"name":"Home","item":"https:\/\/www.hoteljaume.com\/ca\/inici\/"},{"@type":"ListItem","position":2,"name":"Alp","item":"https:\/\/www.hoteljaume.com\/ca\/que-fer-a-alp-cerdanya\/"},{"@type":"ListItem","position":3,"name":"Activitats d&#8217;hivern"}]},{"@type":"WebSite","@id":"https:\/\/www.hoteljaume.com\/ca\/#website","url":"https:\/\/www.hoteljaume.com\/ca\/","name":"Hotel Jaume","description":"","publisher":{"@id":"https:\/\/www.hoteljaume.com\/ca\/#organization"},"potentialAction":[{"@type":"SearchAction","target":{"@type":"EntryPoint","urlTemplate":"https:\/\/www.hoteljaume.com\/ca\/?s={search_term_string}"},"query-input":"required name=search_term_string"}],"inLanguage":"ca"},{"@type":"Organization","@id":"https:\/\/www.hoteljaume.com\/ca\/#organization","name":"Hotel Jaume","url":"https:\/\/www.hoteljaume.com\/ca\/","logo":{"@type":"ImageObject","inLanguage":"ca","@id":"https:\/\/www.hoteljaume.com\/ca\/#\/schema\/logo\/image\/","url":"https:\/\/www.hoteljaume.com\/wp-content\/uploads\/2024\/02\/logo_Hotel-Jaume_V1.svg","contentUrl":"https:\/\/www.hoteljaume.com\/wp-content\/uploads\/2024\/02\/logo_Hotel-Jaume_V1.svg","width":588,"height":163,"caption":"Hotel Jaume"},"image":{"@id":"https:\/\/www.hoteljaume.com\/ca\/#\/schema\/logo\/image\/"}}]}},"_links":{"self":[{"href":"https:\/\/www.hoteljaume.com\/ca\/wp-json\/wp\/v2\/pages\/5337","targetHints":{"allow":["GET"]}}],"collection":[{"href":"https:\/\/www.hoteljaume.com\/ca\/wp-json\/wp\/v2\/pages"}],"about":[{"href":"https:\/\/www.hoteljaume.com\/ca\/wp-json\/wp\/v2\/types\/page"}],"author":[{"embeddable":true,"href":"https:\/\/www.hoteljaume.com\/ca\/wp-json\/wp\/v2\/users\/4"}],"replies":[{"embeddable":true,"href":"https:\/\/www.hoteljaume.com\/ca\/wp-json\/wp\/v2\/comments?post=5337"}],"version-history":[{"count":4,"href":"https:\/\/www.hoteljaume.com\/ca\/wp-json\/wp\/v2\/pages\/5337\/revisions"}],"predecessor-version":[{"id":5808,"href":"https:\/\/www.hoteljaume.com\/ca\/wp-json\/wp\/v2\/pages\/5337\/revisions\/5808"}],"up":[{"embeddable":true,"href":"https:\/\/www.hoteljaume.com\/ca\/wp-json\/wp\/v2\/pages\/5139"}],"wp:featuredmedia":[{"embeddable":true,"href":"https:\/\/www.hoteljaume.com\/ca\/wp-json\/wp\/v2\/media\/4869"}],"wp:attachment":[{"href":"https:\/\/www.hoteljaume.com\/ca\/wp-json\/wp\/v2\/media?parent=5337"}],"curies":[{"name":"wp","href":"https:\/\/api.w.org\/{rel}","templated":true}]}}