{"id":5139,"date":"2024-03-07T07:12:11","date_gmt":"2024-03-07T06:12:11","guid":{"rendered":"https:\/\/dev-hoteljaume.gnahs.com\/alp\/"},"modified":"2025-01-15T16:55:56","modified_gmt":"2025-01-15T15:55:56","slug":"que-fer-a-alp-cerdanya","status":"publish","type":"page","link":"https:\/\/www.hoteljaume.com\/ca\/que-fer-a-alp-cerdanya\/","title":{"rendered":"Alp"},"content":{"rendered":"\t\t<div data-elementor-type=\"wp-page\" data-elementor-id=\"5139\" class=\"elementor elementor-5139 elementor-614\" data-elementor-post-type=\"page\">\n\t\t\t\t<div class=\"elementor-element elementor-element-2218ce51 e-flex e-con-boxed e-con e-parent\" data-id=\"2218ce51\" data-element_type=\"container\" data-settings=\"{&quot;background_background&quot;:&quot;classic&quot;}\">\n\t\t\t\t\t<div class=\"e-con-inner\">\n\t\t\t\t<div class=\"elementor-element elementor-element-10448dc6 elementor-widget elementor-widget-heading\" data-id=\"10448dc6\" data-element_type=\"widget\" data-widget_type=\"heading.default\">\n\t\t\t\t<div class=\"elementor-widget-container\">\n\t\t\t<style>\/*! elementor - v3.21.0 - 26-05-2024 *\/\n.elementor-heading-title{padding:0;margin:0;line-height:1}.elementor-widget-heading .elementor-heading-title[class*=elementor-size-]>a{color:inherit;font-size:inherit;line-height:inherit}.elementor-widget-heading .elementor-heading-title.elementor-size-small{font-size:15px}.elementor-widget-heading .elementor-heading-title.elementor-size-medium{font-size:19px}.elementor-widget-heading .elementor-heading-title.elementor-size-large{font-size:29px}.elementor-widget-heading .elementor-heading-title.elementor-size-xl{font-size:39px}.elementor-widget-heading .elementor-heading-title.elementor-size-xxl{font-size:59px}<\/style><div class=\"elementor-heading-title elementor-size-default\">Viu la m\u00e0gia dels Pirineus a Alp<\/div>\t\t<\/div>\n\t\t\t\t<\/div>\n\t\t\t\t<div class=\"elementor-element elementor-element-52988daa elementor-icon-list--layout-inline elementor-align-center elementor-list-item-link-full_width elementor-widget elementor-widget-icon-list\" data-id=\"52988daa\" data-element_type=\"widget\" data-widget_type=\"icon-list.default\">\n\t\t\t\t<div class=\"elementor-widget-container\">\n\t\t\t<link rel=\"stylesheet\" href=\"https:\/\/www.hoteljaume.com\/wp-content\/plugins\/elementor\/assets\/css\/widget-icon-list.min.css\">\t\t<ul class=\"elementor-icon-list-items elementor-inline-items\">\n\t\t\t\t\t\t\t<li class=\"elementor-icon-list-item elementor-inline-item\">\n\t\t\t\t\t\t\t\t\t\t\t<a href=\"https:\/\/www.hoteljaume.com\/ca\/\">\n\n\t\t\t\t\t\t\t\t\t\t\t<span class=\"elementor-icon-list-text\">Home <\/span>\n\t\t\t\t\t\t\t\t\t\t\t<\/a>\n\t\t\t\t\t\t\t\t\t<\/li>\n\t\t\t\t\t\t\t\t<li class=\"elementor-icon-list-item elementor-inline-item\">\n\t\t\t\t\t\t\t\t\t\t\t<span class=\"elementor-icon-list-icon\">\n\t\t\t\t\t\t\t<svg aria-hidden=\"true\" class=\"e-font-icon-svg e-fas-chevron-right\" viewBox=\"0 0 320 512\" xmlns=\"http:\/\/www.w3.org\/2000\/svg\"><path d=\"M285.476 272.971L91.132 467.314c-9.373 9.373-24.569 9.373-33.941 0l-22.667-22.667c-9.357-9.357-9.375-24.522-.04-33.901L188.505 256 34.484 101.255c-9.335-9.379-9.317-24.544.04-33.901l22.667-22.667c9.373-9.373 24.569-9.373 33.941 0L285.475 239.03c9.373 9.372 9.373 24.568.001 33.941z\"><\/path><\/svg>\t\t\t\t\t\t<\/span>\n\t\t\t\t\t\t\t\t\t\t<span class=\"elementor-icon-list-text\">Qu\u00e8 fer a Alp?<\/span>\n\t\t\t\t\t\t\t\t\t<\/li>\n\t\t\t\t\t\t<\/ul>\n\t\t\t\t<\/div>\n\t\t\t\t<\/div>\n\t\t\t\t\t<\/div>\n\t\t\t\t<\/div>\n\t\t<div class=\"elementor-element elementor-element-7aa6126d e-flex e-con-boxed e-con e-parent\" data-id=\"7aa6126d\" data-element_type=\"container\" data-settings=\"{&quot;motion_fx_motion_fx_scrolling&quot;:&quot;yes&quot;,&quot;motion_fx_translateY_effect&quot;:&quot;yes&quot;,&quot;motion_fx_devices&quot;:[&quot;desktop&quot;,&quot;tablet&quot;],&quot;motion_fx_translateY_speed&quot;:{&quot;unit&quot;:&quot;px&quot;,&quot;size&quot;:4,&quot;sizes&quot;:[]},&quot;motion_fx_translateY_affectedRange&quot;:{&quot;unit&quot;:&quot;%&quot;,&quot;size&quot;:&quot;&quot;,&quot;sizes&quot;:{&quot;start&quot;:0,&quot;end&quot;:100}}}\">\n\t\t\t\t\t<div class=\"e-con-inner\">\n\t\t<div class=\"elementor-element elementor-element-64e106a8 e-flex e-con-boxed e-con e-child\" data-id=\"64e106a8\" data-element_type=\"container\">\n\t\t\t\t\t<div class=\"e-con-inner\">\n\t\t<div class=\"elementor-element elementor-element-d9eca46 e-flex e-con-boxed e-con e-child\" data-id=\"d9eca46\" data-element_type=\"container\">\n\t\t\t\t\t<div class=\"e-con-inner\">\n\t\t\t\t<div class=\"elementor-element elementor-element-3a2c1b21 elementor-widget elementor-widget-heading\" data-id=\"3a2c1b21\" data-element_type=\"widget\" data-widget_type=\"heading.default\">\n\t\t\t\t<div class=\"elementor-widget-container\">\n\t\t\t<div class=\"elementor-heading-title elementor-size-default\">Viu l'experi\u00e8ncia!<\/div>\t\t<\/div>\n\t\t\t\t<\/div>\n\t\t\t\t<div class=\"elementor-element elementor-element-5c70a3c elementor-widget elementor-widget-heading\" data-id=\"5c70a3c\" data-element_type=\"widget\" data-widget_type=\"heading.default\">\n\t\t\t\t<div class=\"elementor-widget-container\">\n\t\t\t<h1 class=\"elementor-heading-title elementor-size-default\">Qu\u00e8 fer a Alp?<\/h1>\t\t<\/div>\n\t\t\t\t<\/div>\n\t\t\t\t\t<\/div>\n\t\t\t\t<\/div>\n\t\t<div class=\"elementor-element elementor-element-159e103d e-flex e-con-boxed e-con e-child\" data-id=\"159e103d\" data-element_type=\"container\">\n\t\t\t\t\t<div class=\"e-con-inner\">\n\t\t\t\t<div class=\"elementor-element elementor-element-3cf8410b elementor-widget elementor-widget-text-editor\" data-id=\"3cf8410b\" data-element_type=\"widget\" data-widget_type=\"text-editor.default\">\n\t\t\t\t<div class=\"elementor-widget-container\">\n\t\t\t<style>\/*! elementor - v3.21.0 - 26-05-2024 *\/\n.elementor-widget-text-editor.elementor-drop-cap-view-stacked .elementor-drop-cap{background-color:#69727d;color:#fff}.elementor-widget-text-editor.elementor-drop-cap-view-framed .elementor-drop-cap{color:#69727d;border:3px solid;background-color:transparent}.elementor-widget-text-editor:not(.elementor-drop-cap-view-default) .elementor-drop-cap{margin-top:8px}.elementor-widget-text-editor:not(.elementor-drop-cap-view-default) .elementor-drop-cap-letter{width:1em;height:1em}.elementor-widget-text-editor .elementor-drop-cap{float:left;text-align:center;line-height:1;font-size:50px}.elementor-widget-text-editor .elementor-drop-cap-letter{display:inline-block}<\/style>\t\t\t\t<p><strong>Alp<\/strong> \u00e9s un encantador poble de muntanya situat al cor de la <strong>Cerdanya<\/strong>, un lloc on la natura i la tranquil\u00b7litat es combinen amb una infinitat d&#8217;activitats per a tots els gustos. Envoltat pels <strong>Pirineus<\/strong> <strong>de Girona<\/strong>, Alp es converteix en el punt de partida perfecte per explorar la regi\u00f3 i gaudir d&#8217;experi\u00e8ncies inoblidables de tota mena. <\/p>\n\t\t\t\t\t\t<\/div>\n\t\t\t\t<\/div>\n\t\t\t\t\t<\/div>\n\t\t\t\t<\/div>\n\t\t\t\t\t<\/div>\n\t\t\t\t<\/div>\n\t\t\t\t\t<\/div>\n\t\t\t\t<\/div>\n\t\t<div class=\"elementor-element elementor-element-e3f754d e-flex e-con-boxed e-con e-parent\" data-id=\"e3f754d\" data-element_type=\"container\">\n\t\t\t\t\t<div class=\"e-con-inner\">\n\t\t<div class=\"elementor-element elementor-element-6104a50 e-con-full e-flex e-con e-child\" data-id=\"6104a50\" data-element_type=\"container\">\n\t\t\t\t<div class=\"elementor-element elementor-element-dcb6b6b elementor-widget elementor-widget-jkit_post_block\" data-id=\"dcb6b6b\" data-element_type=\"widget\" data-widget_type=\"jkit_post_block.default\">\n\t\t\t\t<div class=\"elementor-widget-container\">\n\t\t\t<div  class=\"jeg-elementor-kit jkit-postblock postblock-type-5 jkit-pagination-disable post-element jeg_module___69f377035b636\"  data-id=\"jeg_module___69f377035b636\" data-settings=\"{&quot;post_type&quot;:&quot;page&quot;,&quot;number_post&quot;:{&quot;unit&quot;:&quot;px&quot;,&quot;size&quot;:30,&quot;sizes&quot;:[]},&quot;post_offset&quot;:0,&quot;unique_content&quot;:&quot;disable&quot;,&quot;include_post&quot;:&quot;3062,3047,3070,3064,3072,3066,3068,3083,3085,3086,3087,3088,3089,3091&quot;,&quot;exclude_post&quot;:&quot;&quot;,&quot;include_category&quot;:&quot;&quot;,&quot;exclude_category&quot;:&quot;&quot;,&quot;include_author&quot;:&quot;&quot;,&quot;include_tag&quot;:&quot;&quot;,&quot;exclude_tag&quot;:&quot;&quot;,&quot;sort_by&quot;:&quot;latest&quot;,&quot;pagination_mode&quot;:&quot;disable&quot;,&quot;pagination_loadmore_text&quot;:&quot;Load More&quot;,&quot;pagination_loading_text&quot;:&quot;Loading...&quot;,&quot;pagination_number_post&quot;:{&quot;unit&quot;:&quot;px&quot;,&quot;size&quot;:3,&quot;sizes&quot;:[]},&quot;pagination_scroll_limit&quot;:0,&quot;pagination_icon&quot;:{&quot;value&quot;:&quot;&quot;,&quot;library&quot;:&quot;&quot;},&quot;pagination_icon_position&quot;:&quot;before&quot;,&quot;st_category_position&quot;:&quot;center&quot;,&quot;sg_content_postblock_type&quot;:&quot;type-5&quot;,&quot;sg_content_element_order&quot;:&quot;title&quot;,&quot;sg_content_breakpoint&quot;:&quot;tablet&quot;,&quot;sg_content_title_html_tag&quot;:&quot;h2&quot;,&quot;sg_content_category_enable&quot;:&quot;&quot;,&quot;sg_content_excerpt_enable&quot;:&quot;&quot;,&quot;sg_content_excerpt_length&quot;:{&quot;unit&quot;:&quot;px&quot;,&quot;size&quot;:0,&quot;sizes&quot;:[]},&quot;sg_content_excerpt_more&quot;:&quot;...&quot;,&quot;sg_content_readmore_enable&quot;:&quot;yes&quot;,&quot;sg_content_readmore_icon&quot;:{&quot;value&quot;:&quot;jki jki-right-arrow2-light&quot;,&quot;library&quot;:&quot;jkiticon&quot;},&quot;sg_content_readmore_icon_position&quot;:&quot;after&quot;,&quot;sg_content_readmore_text&quot;:&quot;Read More&quot;,&quot;sg_content_comment_enable&quot;:&quot;yes&quot;,&quot;sg_content_comment_icon&quot;:{&quot;value&quot;:&quot;fas fa-comment&quot;,&quot;library&quot;:&quot;fa-solid&quot;},&quot;sg_content_comment_icon_position&quot;:&quot;before&quot;,&quot;sg_content_meta_enable&quot;:&quot;&quot;,&quot;sg_content_meta_author_enable&quot;:&quot;&quot;,&quot;sg_content_meta_author_by_text&quot;:&quot;by&quot;,&quot;sg_content_meta_author_icon&quot;:{&quot;value&quot;:&quot;fas fa-user&quot;,&quot;library&quot;:&quot;fa-solid&quot;},&quot;sg_content_meta_author_icon_position&quot;:&quot;before&quot;,&quot;sg_content_meta_date_enable&quot;:&quot;&quot;,&quot;sg_content_meta_date_type&quot;:&quot;published&quot;,&quot;sg_content_meta_date_format&quot;:&quot;default&quot;,&quot;sg_content_meta_date_format_custom&quot;:&quot;F j, Y&quot;,&quot;sg_content_meta_date_icon&quot;:{&quot;value&quot;:&quot;fas fa-clock&quot;,&quot;library&quot;:&quot;fa-solid&quot;},&quot;sg_content_meta_date_icon_position&quot;:&quot;before&quot;,&quot;sg_content_image_size_imagesize_size&quot;:&quot;full&quot;,&quot;lang&quot;:&quot;ca&quot;,&quot;paged&quot;:1,&quot;class&quot;:&quot;jkit_post_block&quot;}\"><div class=\"jkit-block-container\"><div class=\"jkit-posts jkit-ajax-flag\">\n            <article class=\"jkit-post post-5098 page type-page status-publish has-post-thumbnail hentry\">\n                    <div class=\"jkit-thumb\"><a aria-label=\"Pobles encantadors a la Cerdanya\" href=\"https:\/\/www.hoteljaume.com\/ca\/que-fer-a-alp-cerdanya\/pobles-encantadors-cerdanya\/\"><div class=\"thumbnail-container \">\n            <img loading=\"lazy\" decoding=\"async\" width=\"2560\" height=\"1705\" src=\"https:\/\/www.hoteljaume.com\/wp-content\/uploads\/2024\/11\/bellver-de-cerdanya-hotel-jaume-alp-girona-scaled.jpg\" class=\"attachment-full size-full wp-post-image\" alt=\"\" loading=\"lazy\" srcset=\"https:\/\/www.hoteljaume.com\/wp-content\/uploads\/2024\/11\/bellver-de-cerdanya-hotel-jaume-alp-girona-scaled.jpg 2560w, https:\/\/www.hoteljaume.com\/wp-content\/uploads\/2024\/11\/bellver-de-cerdanya-hotel-jaume-alp-girona-300x200.jpg 300w, https:\/\/www.hoteljaume.com\/wp-content\/uploads\/2024\/11\/bellver-de-cerdanya-hotel-jaume-alp-girona-1024x682.jpg 1024w, https:\/\/www.hoteljaume.com\/wp-content\/uploads\/2024\/11\/bellver-de-cerdanya-hotel-jaume-alp-girona-768x512.jpg 768w, https:\/\/www.hoteljaume.com\/wp-content\/uploads\/2024\/11\/bellver-de-cerdanya-hotel-jaume-alp-girona-1536x1023.jpg 1536w, https:\/\/www.hoteljaume.com\/wp-content\/uploads\/2024\/11\/bellver-de-cerdanya-hotel-jaume-alp-girona-2048x1364.jpg 2048w\" sizes=\"auto, (max-width: 2560px) 100vw, 2560px\" \/>\n        <\/div><\/a><\/div>\n                    <div class=\"jkit-postblock-content\"><h2 class=\"jkit-post-title\">\n\t\t\t\t\t\t\t<a href=\"https:\/\/www.hoteljaume.com\/ca\/que-fer-a-alp-cerdanya\/pobles-encantadors-cerdanya\/\">Pobles encantadors a la Cerdanya<\/a>\n\t\t\t\t\t\t<\/h2><\/div>\n                <\/article><article class=\"jkit-post post-5337 page type-page status-publish has-post-thumbnail hentry\">\n                    <div class=\"jkit-thumb\"><a aria-label=\"Activitats d&#8217;hivern\" href=\"https:\/\/www.hoteljaume.com\/ca\/que-fer-a-alp-cerdanya\/activitats-dhivern\/\"><div class=\"thumbnail-container \">\n            <img loading=\"lazy\" decoding=\"async\" width=\"2560\" height=\"1359\" src=\"https:\/\/www.hoteljaume.com\/wp-content\/uploads\/2024\/11\/actividades-invierno-esqui-hotel-jaume-alp-girona-scaled.jpg\" class=\"attachment-full size-full wp-post-image\" alt=\"\" loading=\"lazy\" srcset=\"https:\/\/www.hoteljaume.com\/wp-content\/uploads\/2024\/11\/actividades-invierno-esqui-hotel-jaume-alp-girona-scaled.jpg 2560w, https:\/\/www.hoteljaume.com\/wp-content\/uploads\/2024\/11\/actividades-invierno-esqui-hotel-jaume-alp-girona-300x159.jpg 300w, https:\/\/www.hoteljaume.com\/wp-content\/uploads\/2024\/11\/actividades-invierno-esqui-hotel-jaume-alp-girona-1024x543.jpg 1024w, https:\/\/www.hoteljaume.com\/wp-content\/uploads\/2024\/11\/actividades-invierno-esqui-hotel-jaume-alp-girona-768x408.jpg 768w, https:\/\/www.hoteljaume.com\/wp-content\/uploads\/2024\/11\/actividades-invierno-esqui-hotel-jaume-alp-girona-1536x815.jpg 1536w, https:\/\/www.hoteljaume.com\/wp-content\/uploads\/2024\/11\/actividades-invierno-esqui-hotel-jaume-alp-girona-2048x1087.jpg 2048w\" sizes=\"auto, (max-width: 2560px) 100vw, 2560px\" \/>\n        <\/div><\/a><\/div>\n                    <div class=\"jkit-postblock-content\"><h2 class=\"jkit-post-title\">\n\t\t\t\t\t\t\t<a href=\"https:\/\/www.hoteljaume.com\/ca\/que-fer-a-alp-cerdanya\/activitats-dhivern\/\">Activitats d&#8217;hivern<\/a>\n\t\t\t\t\t\t<\/h2><\/div>\n                <\/article><article class=\"jkit-post post-5339 page type-page status-publish has-post-thumbnail hentry\">\n                    <div class=\"jkit-thumb\"><a aria-label=\"Activitats d&#8217;estiu\" href=\"https:\/\/www.hoteljaume.com\/ca\/que-fer-a-alp-cerdanya\/activitats-estiu\/\"><div class=\"thumbnail-container \">\n            <img loading=\"lazy\" decoding=\"async\" width=\"2560\" height=\"1707\" src=\"https:\/\/www.hoteljaume.com\/wp-content\/uploads\/2024\/11\/actividades-de-verano-entorno-hotel-jaume-alp-girona-scaled.jpg\" class=\"attachment-full size-full wp-post-image\" alt=\"\" loading=\"lazy\" srcset=\"https:\/\/www.hoteljaume.com\/wp-content\/uploads\/2024\/11\/actividades-de-verano-entorno-hotel-jaume-alp-girona-scaled.jpg 2560w, https:\/\/www.hoteljaume.com\/wp-content\/uploads\/2024\/11\/actividades-de-verano-entorno-hotel-jaume-alp-girona-300x200.jpg 300w, https:\/\/www.hoteljaume.com\/wp-content\/uploads\/2024\/11\/actividades-de-verano-entorno-hotel-jaume-alp-girona-1024x683.jpg 1024w, https:\/\/www.hoteljaume.com\/wp-content\/uploads\/2024\/11\/actividades-de-verano-entorno-hotel-jaume-alp-girona-768x512.jpg 768w, https:\/\/www.hoteljaume.com\/wp-content\/uploads\/2024\/11\/actividades-de-verano-entorno-hotel-jaume-alp-girona-1536x1024.jpg 1536w, https:\/\/www.hoteljaume.com\/wp-content\/uploads\/2024\/11\/actividades-de-verano-entorno-hotel-jaume-alp-girona-2048x1365.jpg 2048w\" sizes=\"auto, (max-width: 2560px) 100vw, 2560px\" \/>\n        <\/div><\/a><\/div>\n                    <div class=\"jkit-postblock-content\"><h2 class=\"jkit-post-title\">\n\t\t\t\t\t\t\t<a href=\"https:\/\/www.hoteljaume.com\/ca\/que-fer-a-alp-cerdanya\/activitats-estiu\/\">Activitats d&#8217;estiu<\/a>\n\t\t\t\t\t\t<\/h2><\/div>\n                <\/article><article class=\"jkit-post post-5086 page type-page status-publish has-post-thumbnail hentry\">\n                    <div class=\"jkit-thumb\"><a aria-label=\"Activitats familiars\" href=\"https:\/\/www.hoteljaume.com\/ca\/que-fer-a-alp-cerdanya\/activitats-familiars\/\"><div class=\"thumbnail-container \">\n            <img loading=\"lazy\" decoding=\"async\" width=\"2560\" height=\"1707\" src=\"https:\/\/www.hoteljaume.com\/wp-content\/uploads\/2024\/11\/actividades-familiares-bicicleta-hotel-jaume-alp-girona-1-scaled.jpg\" class=\"attachment-full size-full wp-post-image\" alt=\"\" loading=\"lazy\" srcset=\"https:\/\/www.hoteljaume.com\/wp-content\/uploads\/2024\/11\/actividades-familiares-bicicleta-hotel-jaume-alp-girona-1-scaled.jpg 2560w, https:\/\/www.hoteljaume.com\/wp-content\/uploads\/2024\/11\/actividades-familiares-bicicleta-hotel-jaume-alp-girona-1-300x200.jpg 300w, https:\/\/www.hoteljaume.com\/wp-content\/uploads\/2024\/11\/actividades-familiares-bicicleta-hotel-jaume-alp-girona-1-1024x683.jpg 1024w, https:\/\/www.hoteljaume.com\/wp-content\/uploads\/2024\/11\/actividades-familiares-bicicleta-hotel-jaume-alp-girona-1-768x512.jpg 768w, https:\/\/www.hoteljaume.com\/wp-content\/uploads\/2024\/11\/actividades-familiares-bicicleta-hotel-jaume-alp-girona-1-1536x1024.jpg 1536w, https:\/\/www.hoteljaume.com\/wp-content\/uploads\/2024\/11\/actividades-familiares-bicicleta-hotel-jaume-alp-girona-1-2048x1366.jpg 2048w\" sizes=\"auto, (max-width: 2560px) 100vw, 2560px\" \/>\n        <\/div><\/a><\/div>\n                    <div class=\"jkit-postblock-content\"><h2 class=\"jkit-post-title\">\n\t\t\t\t\t\t\t<a href=\"https:\/\/www.hoteljaume.com\/ca\/que-fer-a-alp-cerdanya\/activitats-familiars\/\">Activitats familiars<\/a>\n\t\t\t\t\t\t<\/h2><\/div>\n                <\/article>\n        <\/div><\/div><\/div>\t\t<\/div>\n\t\t\t\t<\/div>\n\t\t\t\t<\/div>\n\t\t\t\t\t<\/div>\n\t\t\t\t<\/div>\n\t\t\t\t<\/div>\n\t\t","protected":false},"excerpt":{"rendered":"<p>Viu la m\u00e0gia dels Pirineus a Alp Home Qu\u00e8 fer a Alp? Viu l&#8217;experi\u00e8ncia! Qu\u00e8 fer a Alp? Alp \u00e9s un encantador poble de muntanya situat al cor de la Cerdanya, un lloc on la natura i la tranquil\u00b7litat es combinen amb una infinitat d&#8217;activitats per a tots els gustos. Envoltat pels Pirineus de Girona, [&hellip;]<\/p>\n","protected":false},"author":4,"featured_media":0,"parent":0,"menu_order":67,"comment_status":"closed","ping_status":"closed","template":"","meta":{"footnotes":""},"class_list":["post-5139","page","type-page","status-publish","hentry"],"yoast_head":"<!-- This site is optimized with the Yoast SEO Premium plugin v22.8 (Yoast SEO v22.8) - https:\/\/yoast.com\/wordpress\/plugins\/seo\/ -->\n<title>Qu\u00e8 fer a Alp, la Cerdanya (Girona) - Hotel Jaume<\/title>\n<meta name=\"description\" content=\"Descobreix les millors coses per fer a Alp i al Pirineu de Girona al web de l&#039;Hotel Jaume: esqu\u00ed, senderisme, excursions, gastronomia\u2026\" \/>\n<meta name=\"robots\" content=\"index, follow, max-snippet:-1, max-image-preview:large, max-video-preview:-1\" \/>\n<link rel=\"canonical\" href=\"https:\/\/www.hoteljaume.com\/ca\/que-fer-a-alp-cerdanya\/\" \/>\n<meta property=\"og:locale\" content=\"ca_ES\" \/>\n<meta property=\"og:type\" content=\"article\" \/>\n<meta property=\"og:title\" content=\"Alp\" \/>\n<meta property=\"og:description\" content=\"Descobreix les millors coses per fer a Alp i al Pirineu de Girona al web de l&#039;Hotel Jaume: esqu\u00ed, senderisme, excursions, gastronomia\u2026\" \/>\n<meta property=\"og:url\" content=\"https:\/\/www.hoteljaume.com\/ca\/que-fer-a-alp-cerdanya\/\" \/>\n<meta property=\"og:site_name\" content=\"Hotel Jaume\" \/>\n<meta property=\"article:modified_time\" content=\"2025-01-15T15:55:56+00:00\" \/>\n<meta property=\"og:image\" content=\"https:\/\/www.hoteljaume.com\/wp-content\/uploads\/2024\/11\/bellver-de-cerdanya-hotel-jaume-alp-girona-scaled.jpg\" \/>\n<meta name=\"twitter:card\" content=\"summary_large_image\" \/>\n<meta name=\"twitter:label1\" content=\"Temps estimat de lectura\" \/>\n\t<meta name=\"twitter:data1\" content=\"2 minuts\" \/>\n<script type=\"application\/ld+json\" class=\"yoast-schema-graph\">{\"@context\":\"https:\/\/schema.org\",\"@graph\":[{\"@type\":\"WebPage\",\"@id\":\"https:\/\/www.hoteljaume.com\/ca\/que-fer-a-alp-cerdanya\/\",\"url\":\"https:\/\/www.hoteljaume.com\/ca\/que-fer-a-alp-cerdanya\/\",\"name\":\"Qu\u00e8 fer a Alp, la Cerdanya (Girona) - Hotel Jaume\",\"isPartOf\":{\"@id\":\"https:\/\/www.hoteljaume.com\/ca\/#website\"},\"primaryImageOfPage\":{\"@id\":\"https:\/\/www.hoteljaume.com\/ca\/que-fer-a-alp-cerdanya\/#primaryimage\"},\"image\":{\"@id\":\"https:\/\/www.hoteljaume.com\/ca\/que-fer-a-alp-cerdanya\/#primaryimage\"},\"thumbnailUrl\":\"https:\/\/www.hoteljaume.com\/wp-content\/uploads\/2024\/11\/bellver-de-cerdanya-hotel-jaume-alp-girona-scaled.jpg\",\"datePublished\":\"2024-03-07T06:12:11+00:00\",\"dateModified\":\"2025-01-15T15:55:56+00:00\",\"description\":\"Descobreix les millors coses per fer a Alp i al Pirineu de Girona al web de l'Hotel Jaume: esqu\u00ed, senderisme, excursions, gastronomia\u2026\",\"breadcrumb\":{\"@id\":\"https:\/\/www.hoteljaume.com\/ca\/que-fer-a-alp-cerdanya\/#breadcrumb\"},\"inLanguage\":\"ca\",\"potentialAction\":[{\"@type\":\"ReadAction\",\"target\":[\"https:\/\/www.hoteljaume.com\/ca\/que-fer-a-alp-cerdanya\/\"]}]},{\"@type\":\"ImageObject\",\"inLanguage\":\"ca\",\"@id\":\"https:\/\/www.hoteljaume.com\/ca\/que-fer-a-alp-cerdanya\/#primaryimage\",\"url\":\"https:\/\/www.hoteljaume.com\/wp-content\/uploads\/2024\/11\/bellver-de-cerdanya-hotel-jaume-alp-girona-scaled.jpg\",\"contentUrl\":\"https:\/\/www.hoteljaume.com\/wp-content\/uploads\/2024\/11\/bellver-de-cerdanya-hotel-jaume-alp-girona-scaled.jpg\"},{\"@type\":\"BreadcrumbList\",\"@id\":\"https:\/\/www.hoteljaume.com\/ca\/que-fer-a-alp-cerdanya\/#breadcrumb\",\"itemListElement\":[{\"@type\":\"ListItem\",\"position\":1,\"name\":\"Home\",\"item\":\"https:\/\/www.hoteljaume.com\/ca\/inici\/\"},{\"@type\":\"ListItem\",\"position\":2,\"name\":\"Alp\"}]},{\"@type\":\"WebSite\",\"@id\":\"https:\/\/www.hoteljaume.com\/ca\/#website\",\"url\":\"https:\/\/www.hoteljaume.com\/ca\/\",\"name\":\"Hotel Jaume\",\"description\":\"\",\"publisher\":{\"@id\":\"https:\/\/www.hoteljaume.com\/ca\/#organization\"},\"potentialAction\":[{\"@type\":\"SearchAction\",\"target\":{\"@type\":\"EntryPoint\",\"urlTemplate\":\"https:\/\/www.hoteljaume.com\/ca\/?s={search_term_string}\"},\"query-input\":\"required name=search_term_string\"}],\"inLanguage\":\"ca\"},{\"@type\":\"Organization\",\"@id\":\"https:\/\/www.hoteljaume.com\/ca\/#organization\",\"name\":\"Hotel Jaume\",\"url\":\"https:\/\/www.hoteljaume.com\/ca\/\",\"logo\":{\"@type\":\"ImageObject\",\"inLanguage\":\"ca\",\"@id\":\"https:\/\/www.hoteljaume.com\/ca\/#\/schema\/logo\/image\/\",\"url\":\"https:\/\/www.hoteljaume.com\/wp-content\/uploads\/2024\/02\/logo_Hotel-Jaume_V1.svg\",\"contentUrl\":\"https:\/\/www.hoteljaume.com\/wp-content\/uploads\/2024\/02\/logo_Hotel-Jaume_V1.svg\",\"width\":588,\"height\":163,\"caption\":\"Hotel Jaume\"},\"image\":{\"@id\":\"https:\/\/www.hoteljaume.com\/ca\/#\/schema\/logo\/image\/\"}}]}<\/script>\n<!-- \/ Yoast SEO Premium plugin. -->","yoast_head_json":{"title":"Qu\u00e8 fer a Alp, la Cerdanya (Girona) - Hotel Jaume","description":"Descobreix les millors coses per fer a Alp i al Pirineu de Girona al web de l'Hotel Jaume: esqu\u00ed, senderisme, excursions, gastronomia\u2026","robots":{"index":"index","follow":"follow","max-snippet":"max-snippet:-1","max-image-preview":"max-image-preview:large","max-video-preview":"max-video-preview:-1"},"canonical":"https:\/\/www.hoteljaume.com\/ca\/que-fer-a-alp-cerdanya\/","og_locale":"ca_ES","og_type":"article","og_title":"Alp","og_description":"Descobreix les millors coses per fer a Alp i al Pirineu de Girona al web de l'Hotel Jaume: esqu\u00ed, senderisme, excursions, gastronomia\u2026","og_url":"https:\/\/www.hoteljaume.com\/ca\/que-fer-a-alp-cerdanya\/","og_site_name":"Hotel Jaume","article_modified_time":"2025-01-15T15:55:56+00:00","og_image":[{"url":"https:\/\/www.hoteljaume.com\/wp-content\/uploads\/2024\/11\/bellver-de-cerdanya-hotel-jaume-alp-girona-scaled.jpg"}],"twitter_card":"summary_large_image","twitter_misc":{"Temps estimat de lectura":"2 minuts"},"schema":{"@context":"https:\/\/schema.org","@graph":[{"@type":"WebPage","@id":"https:\/\/www.hoteljaume.com\/ca\/que-fer-a-alp-cerdanya\/","url":"https:\/\/www.hoteljaume.com\/ca\/que-fer-a-alp-cerdanya\/","name":"Qu\u00e8 fer a Alp, la Cerdanya (Girona) - Hotel Jaume","isPartOf":{"@id":"https:\/\/www.hoteljaume.com\/ca\/#website"},"primaryImageOfPage":{"@id":"https:\/\/www.hoteljaume.com\/ca\/que-fer-a-alp-cerdanya\/#primaryimage"},"image":{"@id":"https:\/\/www.hoteljaume.com\/ca\/que-fer-a-alp-cerdanya\/#primaryimage"},"thumbnailUrl":"https:\/\/www.hoteljaume.com\/wp-content\/uploads\/2024\/11\/bellver-de-cerdanya-hotel-jaume-alp-girona-scaled.jpg","datePublished":"2024-03-07T06:12:11+00:00","dateModified":"2025-01-15T15:55:56+00:00","description":"Descobreix les millors coses per fer a Alp i al Pirineu de Girona al web de l'Hotel Jaume: esqu\u00ed, senderisme, excursions, gastronomia\u2026","breadcrumb":{"@id":"https:\/\/www.hoteljaume.com\/ca\/que-fer-a-alp-cerdanya\/#breadcrumb"},"inLanguage":"ca","potentialAction":[{"@type":"ReadAction","target":["https:\/\/www.hoteljaume.com\/ca\/que-fer-a-alp-cerdanya\/"]}]},{"@type":"ImageObject","inLanguage":"ca","@id":"https:\/\/www.hoteljaume.com\/ca\/que-fer-a-alp-cerdanya\/#primaryimage","url":"https:\/\/www.hoteljaume.com\/wp-content\/uploads\/2024\/11\/bellver-de-cerdanya-hotel-jaume-alp-girona-scaled.jpg","contentUrl":"https:\/\/www.hoteljaume.com\/wp-content\/uploads\/2024\/11\/bellver-de-cerdanya-hotel-jaume-alp-girona-scaled.jpg"},{"@type":"BreadcrumbList","@id":"https:\/\/www.hoteljaume.com\/ca\/que-fer-a-alp-cerdanya\/#breadcrumb","itemListElement":[{"@type":"ListItem","position":1,"name":"Home","item":"https:\/\/www.hoteljaume.com\/ca\/inici\/"},{"@type":"ListItem","position":2,"name":"Alp"}]},{"@type":"WebSite","@id":"https:\/\/www.hoteljaume.com\/ca\/#website","url":"https:\/\/www.hoteljaume.com\/ca\/","name":"Hotel Jaume","description":"","publisher":{"@id":"https:\/\/www.hoteljaume.com\/ca\/#organization"},"potentialAction":[{"@type":"SearchAction","target":{"@type":"EntryPoint","urlTemplate":"https:\/\/www.hoteljaume.com\/ca\/?s={search_term_string}"},"query-input":"required name=search_term_string"}],"inLanguage":"ca"},{"@type":"Organization","@id":"https:\/\/www.hoteljaume.com\/ca\/#organization","name":"Hotel Jaume","url":"https:\/\/www.hoteljaume.com\/ca\/","logo":{"@type":"ImageObject","inLanguage":"ca","@id":"https:\/\/www.hoteljaume.com\/ca\/#\/schema\/logo\/image\/","url":"https:\/\/www.hoteljaume.com\/wp-content\/uploads\/2024\/02\/logo_Hotel-Jaume_V1.svg","contentUrl":"https:\/\/www.hoteljaume.com\/wp-content\/uploads\/2024\/02\/logo_Hotel-Jaume_V1.svg","width":588,"height":163,"caption":"Hotel Jaume"},"image":{"@id":"https:\/\/www.hoteljaume.com\/ca\/#\/schema\/logo\/image\/"}}]}},"_links":{"self":[{"href":"https:\/\/www.hoteljaume.com\/ca\/wp-json\/wp\/v2\/pages\/5139","targetHints":{"allow":["GET"]}}],"collection":[{"href":"https:\/\/www.hoteljaume.com\/ca\/wp-json\/wp\/v2\/pages"}],"about":[{"href":"https:\/\/www.hoteljaume.com\/ca\/wp-json\/wp\/v2\/types\/page"}],"author":[{"embeddable":true,"href":"https:\/\/www.hoteljaume.com\/ca\/wp-json\/wp\/v2\/users\/4"}],"replies":[{"embeddable":true,"href":"https:\/\/www.hoteljaume.com\/ca\/wp-json\/wp\/v2\/comments?post=5139"}],"version-history":[{"count":21,"href":"https:\/\/www.hoteljaume.com\/ca\/wp-json\/wp\/v2\/pages\/5139\/revisions"}],"predecessor-version":[{"id":6227,"href":"https:\/\/www.hoteljaume.com\/ca\/wp-json\/wp\/v2\/pages\/5139\/revisions\/6227"}],"wp:attachment":[{"href":"https:\/\/www.hoteljaume.com\/ca\/wp-json\/wp\/v2\/media?parent=5139"}],"curies":[{"name":"wp","href":"https:\/\/api.w.org\/{rel}","templated":true}]}}